{"id":64,"date":"2023-11-05T20:00:40","date_gmt":"2023-11-05T19:00:40","guid":{"rendered":"https:\/\/eichenlaub-haunwang.de\/?page_id=64"},"modified":"2023-11-12T20:45:48","modified_gmt":"2023-11-12T19:45:48","slug":"datenschutzerklaerung-2","status":"publish","type":"page","link":"https:\/\/eichenlaub-haunwang.de\/index.php\/datenschutzerklaerung-2\/","title":{"rendered":"Datenschutzerkl\u00e4rung"},"content":{"rendered":"\n<h2>1. Datenschutz auf einen Blick<\/h2>\n<h3>Allgemeine Hinweise<\/h3> <p>Die fol\u00adgen\u00adden Hin\u00adwei\u00adse geben einen ein\u00adfa\u00adchen \u00dcber\u00adblick dar\u00ad\u00fcber, was mit Ihren per\u00adso\u00adnen\u00adbe\u00adzo\u00adge\u00adnen Daten pas\u00adsiert, wenn Sie die\u00adse Web\u00adsite besu\u00adchen. Per\u00adso\u00adnen\u00adbe\u00adzo\u00adge\u00adne Daten sind alle Daten, mit denen Sie per\u00ads\u00f6n\u00adlich iden\u00adti\u00adfi\u00adziert wer\u00adden k\u00f6n\u00adnen. Aus\u00adf\u00fchr\u00adli\u00adche Infor\u00adma\u00adtio\u00adnen zum The\u00adma Daten\u00adschutz ent\u00adneh\u00admen Sie unse\u00adrer unter die\u00adsem Text auf\u00adge\u00adf\u00fchr\u00adten Daten\u00adschutz\u00ader\u00adkl\u00e4\u00adrung.<\/p>\n<h3>Datenerfassung auf dieser Website<\/h3> <h4>Wer ist verantwortlich f\u00fcr die Datenerfassung auf dieser Website?<\/h4> <p>Die Daten\u00adver\u00adar\u00adbei\u00adtung auf die\u00adser Web\u00adsite erfolgt durch den Web\u00adsite\u00adbe\u00adtrei\u00adber. Des\u00adsen Kon\u00adtakt\u00adda\u00adten k\u00f6n\u00adnen Sie dem Abschnitt \u201eHin\u00adweis zur Ver\u00adant\u00adwort\u00adli\u00adchen Stel\u00adle\u201c in die\u00adser Daten\u00adschutz\u00ader\u00adkl\u00e4\u00adrung ent\u00adneh\u00admen.<\/p> <h4>Wie erfassen wir Ihre Daten?<\/h4> <p>Ihre Daten wer\u00adden zum einen dadurch erho\u00adben, dass Sie uns die\u00adse mit\u00adtei\u00adlen. Hier\u00adbei kann es sich z.&nbsp;B. um Daten han\u00addeln, die Sie in ein Kon\u00adtakt\u00adfor\u00admu\u00adlar ein\u00adge\u00adben.<\/p> <p>Ande\u00adre Daten wer\u00adden auto\u00adma\u00adtisch oder nach Ihrer Ein\u00adwil\u00adli\u00adgung beim Besuch der Web\u00adsite durch unse\u00adre IT-Sys\u00adte\u00adme erfasst. Das sind vor allem tech\u00adni\u00adsche Daten (z.&nbsp;B. Inter\u00adnet\u00adbrow\u00adser, Betriebs\u00adsys\u00adtem oder Uhr\u00adzeit des Sei\u00adten\u00adauf\u00adrufs). Die Erfas\u00adsung die\u00adser Daten erfolgt auto\u00adma\u00adtisch, sobald Sie die\u00adse Web\u00adsite betre\u00adten.<\/p> <h4>Wof\u00fcr nutzen wir Ihre Daten?<\/h4> <p>Ein Teil der Daten wird erho\u00adben, um eine feh\u00adler\u00adfreie Bereit\u00adstel\u00adlung der Web\u00adsite zu gew\u00e4hr\u00adleis\u00adten. Ande\u00adre Daten k\u00f6n\u00adnen zur Ana\u00adly\u00adse Ihres Nut\u00adzer\u00adver\u00adhal\u00adtens ver\u00adwen\u00addet wer\u00adden.<\/p> <h4>Welche Rechte haben Sie bez\u00fcglich Ihrer Daten?<\/h4> <p>Sie haben jeder\u00adzeit das Recht, unent\u00adgelt\u00adlich Aus\u00adkunft \u00fcber Her\u00adkunft, Emp\u00adf\u00e4n\u00adger und Zweck Ihrer gespei\u00adcher\u00adten per\u00adso\u00adnen\u00adbe\u00adzo\u00adge\u00adnen Daten zu erhal\u00adten. Sie haben au\u00dfer\u00addem ein Recht, die Berich\u00adti\u00adgung oder L\u00f6schung die\u00adser Daten zu ver\u00adlan\u00adgen. Wenn Sie eine Ein\u00adwil\u00adli\u00adgung zur Daten\u00adver\u00adar\u00adbei\u00adtung erteilt haben, k\u00f6n\u00adnen Sie die\u00adse Ein\u00adwil\u00adli\u00adgung jeder\u00adzeit f\u00fcr die Zukunft wider\u00adru\u00adfen. Au\u00dfer\u00addem haben Sie das Recht, unter bestimm\u00adten Umst\u00e4n\u00adden die Ein\u00adschr\u00e4n\u00adkung der Ver\u00adar\u00adbei\u00adtung Ihrer per\u00adso\u00adnen\u00adbe\u00adzo\u00adge\u00adnen Daten zu ver\u00adlan\u00adgen. Des Wei\u00adte\u00adren steht Ihnen ein Beschwer\u00adde\u00adrecht bei der zust\u00e4n\u00addi\u00adgen Auf\u00adsichts\u00adbe\u00adh\u00f6r\u00adde zu.<\/p> <p>Hier\u00adzu sowie zu wei\u00adte\u00adren Fra\u00adgen zum The\u00adma Daten\u00adschutz k\u00f6n\u00adnen Sie sich jeder\u00adzeit an uns wen\u00adden.<\/p>\n<h3>Analyse-Tools und Tools von Dritt\u00adanbietern<\/h3> <p>Beim Besuch die\u00adser Web\u00adsite kann Ihr Surf-Ver\u00adhal\u00adten sta\u00adtis\u00adtisch aus\u00adge\u00adwer\u00adtet wer\u00adden. Das geschieht vor allem mit soge\u00adnann\u00adten Ana\u00adly\u00adse\u00adpro\u00adgram\u00admen.<\/p> <p>Detail\u00adlier\u00adte Infor\u00adma\u00adtio\u00adnen zu die\u00adsen Ana\u00adly\u00adse\u00adpro\u00adgram\u00admen fin\u00adden Sie in der fol\u00adgen\u00adden Daten\u00adschutz\u00ader\u00adkl\u00e4\u00adrung.<\/p>\n<h2>2. Hosting<\/h2>\n<p>Wir hos\u00adten die Inhal\u00adte unse\u00adrer Web\u00adsite bei fol\u00adgen\u00addem Anbie\u00adter:<\/p>\n<h3>Externes Hosting<\/h3> <p>Die\u00adse Web\u00adsite wird extern gehos\u00adtet. Die per\u00adso\u00adnen\u00adbe\u00adzo\u00adge\u00adnen Daten, die auf die\u00adser Web\u00adsite erfasst wer\u00adden, wer\u00adden auf den Ser\u00advern des Hos\u00adters \/ der Hos\u00adter gespei\u00adchert. Hier\u00adbei kann es sich v.&nbsp;a. um IP-Adres\u00adsen, Kon\u00adtakt\u00adan\u00adfra\u00adgen, Meta- und Kom\u00admu\u00adni\u00adka\u00adti\u00adons\u00adda\u00adten, Ver\u00adtrags\u00adda\u00adten, Kon\u00adtakt\u00adda\u00adten, Namen, Web\u00adsite\u00adzu\u00adgrif\u00adfe und sons\u00adti\u00adge Daten, die \u00fcber eine Web\u00adsite gene\u00adriert wer\u00adden, han\u00addeln.<\/p> <p>Das exter\u00adne Hos\u00adting erfolgt zum Zwe\u00adcke der Ver\u00adtrags\u00ader\u00adf\u00fcl\u00adlung gegen\u00ad\u00fcber unse\u00adren poten\u00adzi\u00adel\u00adlen und bestehen\u00adden Kun\u00adden (Art. 6 Abs. 1 lit. b DSGVO) und im Inter\u00ades\u00adse einer siche\u00adren, schnel\u00adlen und effi\u00adzi\u00aden\u00adten Bereit\u00adstel\u00adlung unse\u00adres Online-Ange\u00adbots durch einen pro\u00adfes\u00adsio\u00adnel\u00adlen Anbie\u00adter (Art. 6 Abs. 1 lit. f DSGVO). Sofern eine ent\u00adspre\u00adchen\u00adde Ein\u00adwil\u00adli\u00adgung abge\u00adfragt wur\u00adde, erfolgt die Ver\u00adar\u00adbei\u00adtung aus\u00adschlie\u00df\u00adlich auf Grund\u00adla\u00adge von Art. 6 Abs. 1 lit. a DSGVO und \u00a7 25 Abs. 1 TTDSG, soweit die Ein\u00adwil\u00adli\u00adgung die Spei\u00adche\u00adrung von Coo\u00adkies oder den Zugriff auf Infor\u00adma\u00adtio\u00adnen im End\u00adge\u00adr\u00e4t des Nut\u00adzers (z.&nbsp;B. Device-Fin\u00adger\u00adprin\u00adting) im Sin\u00adne des TTDSG umfasst. Die Ein\u00adwil\u00adli\u00adgung ist jeder\u00adzeit wider\u00adruf\u00adbar.<\/p> <p>Unser(e) Hos\u00adter wird bzw. wer\u00adden Ihre Daten nur inso\u00adweit ver\u00adar\u00adbei\u00adten, wie dies zur Erf\u00fcl\u00adlung sei\u00adner Leis\u00adtungs\u00adpflich\u00adten erfor\u00adder\u00adlich ist und unse\u00adre Wei\u00adsun\u00adgen in Bezug auf die\u00adse Daten befol\u00adgen.<\/p> <p>Wir set\u00adzen folgende(n) Hos\u00adter ein:<\/p>\n<p>Kau\u00adnas, Litau\u00aden<br>\nHos\u00adtin\u00adger, UAB<br>\nJona\u00advos g. 60C, 44192<\/p>\n<h2>3. Allgemeine Hinweise und Pflicht\u00adinformationen<\/h2>\n<h3>Datenschutz<\/h3> <p>Die Betrei\u00adber die\u00adser Sei\u00adten neh\u00admen den Schutz Ihrer per\u00ads\u00f6n\u00adli\u00adchen Daten sehr ernst. Wir behan\u00addeln Ihre per\u00adso\u00adnen\u00adbe\u00adzo\u00adge\u00adnen Daten ver\u00adtrau\u00adlich und ent\u00adspre\u00adchend den gesetz\u00adli\u00adchen Daten\u00adschutz\u00advor\u00adschrif\u00adten sowie die\u00adser Daten\u00adschutz\u00ader\u00adkl\u00e4\u00adrung.<\/p> <p>Wenn Sie die\u00adse Web\u00adsite benut\u00adzen, wer\u00adden ver\u00adschie\u00adde\u00adne per\u00adso\u00adnen\u00adbe\u00adzo\u00adge\u00adne Daten erho\u00adben. Per\u00adso\u00adnen\u00adbe\u00adzo\u00adge\u00adne Daten sind Daten, mit denen Sie per\u00ads\u00f6n\u00adlich iden\u00adti\u00adfi\u00adziert wer\u00adden k\u00f6n\u00adnen. Die vor\u00adlie\u00adgen\u00adde Daten\u00adschutz\u00ader\u00adkl\u00e4\u00adrung erl\u00e4u\u00adtert, wel\u00adche Daten wir erhe\u00adben und wof\u00fcr wir sie nut\u00adzen. Sie erl\u00e4u\u00adtert auch, wie und zu wel\u00adchem Zweck das geschieht.<\/p> <p>Wir wei\u00adsen dar\u00adauf hin, dass die Daten\u00ad\u00fcber\u00adtra\u00adgung im Inter\u00adnet (z.&nbsp;B. bei der Kom\u00admu\u00adni\u00adka\u00adti\u00adon per E\u2011Mail) Sicher\u00adheits\u00adl\u00fc\u00adcken auf\u00adwei\u00adsen kann. Ein l\u00fccken\u00adlo\u00adser Schutz der Daten vor dem Zugriff durch Drit\u00adte ist nicht m\u00f6g\u00adlich.<\/p>\n<h3>Hinweis zur verantwortlichen Stelle<\/h3> <p>Die ver\u00adant\u00adwort\u00adli\u00adche Stel\u00adle f\u00fcr die Daten\u00adver\u00adar\u00adbei\u00adtung auf die\u00adser Web\u00adsite ist:<\/p> <p>Robert Lach\u00adner<br>\nEbe\u00adnau 4<br>\n84174<\/p>\n\n<p>Tele\u00adfon: +49 (0) 17634640748<br>\nE\u2011Mail: info@eichenlaub-haunwang.de<\/p>\n <p>Ver\u00adant\u00adwort\u00adli\u00adche Stel\u00adle ist die nat\u00fcr\u00adli\u00adche oder juris\u00adti\u00adsche Per\u00adson, die allein oder gemein\u00adsam mit ande\u00adren \u00fcber die Zwe\u00adcke und Mit\u00adtel der Ver\u00adar\u00adbei\u00adtung von per\u00adso\u00adnen\u00adbe\u00adzo\u00adge\u00adnen Daten (z.&nbsp;B. Namen, E\u2011Mail-Adres\u00adsen o. \u00c4.) ent\u00adschei\u00addet.<\/p>\n\n<h3>Speicherdauer<\/h3> <p>Soweit inner\u00adhalb die\u00adser Daten\u00adschutz\u00ader\u00adkl\u00e4\u00adrung kei\u00adne spe\u00adzi\u00adel\u00adle\u00adre Spei\u00adcher\u00addau\u00ader genannt wur\u00adde, ver\u00adblei\u00adben Ihre per\u00adso\u00adnen\u00adbe\u00adzo\u00adge\u00adnen Daten bei uns, bis der Zweck f\u00fcr die Daten\u00adver\u00adar\u00adbei\u00adtung ent\u00adf\u00e4llt. Wenn Sie ein berech\u00adtig\u00adtes L\u00f6scher\u00adsu\u00adchen gel\u00adtend machen oder eine Ein\u00adwil\u00adli\u00adgung zur Daten\u00adver\u00adar\u00adbei\u00adtung wider\u00adru\u00adfen, wer\u00adden Ihre Daten gel\u00f6scht, sofern wir kei\u00adne ande\u00adren recht\u00adlich zul\u00e4s\u00adsi\u00adgen Gr\u00fcn\u00adde f\u00fcr die Spei\u00adche\u00adrung Ihrer per\u00adso\u00adnen\u00adbe\u00adzo\u00adge\u00adnen Daten haben (z.&nbsp;B. steu\u00ader- oder han\u00addels\u00adrecht\u00adli\u00adche Auf\u00adbe\u00adwah\u00adrungs\u00adfris\u00adten); im letzt\u00adge\u00adnann\u00adten Fall erfolgt die L\u00f6schung nach Fort\u00adfall die\u00adser Gr\u00fcn\u00adde.<\/p>\n<h3>Allgemeine Hinweise zu den Rechtsgrundlagen der Datenverarbeitung auf dieser Website<\/h3> <p>Sofern Sie in die Daten\u00adver\u00adar\u00adbei\u00adtung ein\u00adge\u00adwil\u00adligt haben, ver\u00adar\u00adbei\u00adten wir Ihre per\u00adso\u00adnen\u00adbe\u00adzo\u00adge\u00adnen Daten auf Grund\u00adla\u00adge von Art. 6 Abs. 1 lit. a DSGVO bzw. Art. 9 Abs. 2 lit. a DSGVO, sofern beson\u00adde\u00adre Daten\u00adka\u00adte\u00adgo\u00adrien nach Art. 9 Abs. 1 DSGVO ver\u00adar\u00adbei\u00adtet wer\u00adden. Im Fal\u00adle einer aus\u00addr\u00fcck\u00adli\u00adchen Ein\u00adwil\u00adli\u00adgung in die \u00dcber\u00adtra\u00adgung per\u00adso\u00adnen\u00adbe\u00adzo\u00adge\u00adner Daten in Dritt\u00adstaa\u00adten erfolgt die Daten\u00adver\u00adar\u00adbei\u00adtung au\u00dfer\u00addem auf Grund\u00adla\u00adge von Art. 49 Abs. 1 lit. a DSGVO. Sofern Sie in die Spei\u00adche\u00adrung von Coo\u00adkies oder in den Zugriff auf Infor\u00adma\u00adtio\u00adnen in Ihr End\u00adge\u00adr\u00e4t (z.&nbsp;B. via Device-Fin\u00adger\u00adprin\u00adting) ein\u00adge\u00adwil\u00adligt haben, erfolgt die Daten\u00adver\u00adar\u00adbei\u00adtung zus\u00e4tz\u00adlich auf Grund\u00adla\u00adge von \u00a7 25 Abs. 1 TTDSG. Die Ein\u00adwil\u00adli\u00adgung ist jeder\u00adzeit wider\u00adruf\u00adbar. Sind Ihre Daten zur Ver\u00adtrags\u00ader\u00adf\u00fcl\u00adlung oder zur Durch\u00adf\u00fch\u00adrung vor\u00adver\u00adtrag\u00adli\u00adcher Ma\u00df\u00adnah\u00admen erfor\u00adder\u00adlich, ver\u00adar\u00adbei\u00adten wir Ihre Daten auf Grund\u00adla\u00adge des Art. 6 Abs. 1 lit. b DSGVO. Des Wei\u00adte\u00adren ver\u00adar\u00adbei\u00adten wir Ihre Daten, sofern die\u00adse zur Erf\u00fcl\u00adlung einer recht\u00adli\u00adchen Ver\u00adpflich\u00adtung erfor\u00adder\u00adlich sind auf Grund\u00adla\u00adge von Art. 6 Abs. 1 lit. c DSGVO. Die Daten\u00adver\u00adar\u00adbei\u00adtung kann fer\u00adner auf Grund\u00adla\u00adge unse\u00adres berech\u00adtig\u00adten Inter\u00ades\u00adses nach Art. 6 Abs. 1 lit. f DSGVO erfol\u00adgen. \u00dcber die jeweils im Ein\u00adzel\u00adfall ein\u00adschl\u00e4\u00adgi\u00adgen Rechts\u00adgrund\u00adla\u00adgen wird in den fol\u00adgen\u00adden Abs\u00e4t\u00adzen die\u00adser Daten\u00adschutz\u00ader\u00adkl\u00e4\u00adrung infor\u00admiert.<\/p>\n<h3>Empf\u00e4nger von personenbezogenen Daten<\/h3> <p>Im Rah\u00admen unse\u00adrer Gesch\u00e4fts\u00adt\u00e4\u00adtig\u00adkeit arbei\u00adten wir mit ver\u00adschie\u00adde\u00adnen exter\u00adnen Stel\u00adlen zusam\u00admen. Dabei ist teil\u00adwei\u00adse auch eine \u00dcber\u00admitt\u00adlung von per\u00adso\u00adnen\u00adbe\u00adzo\u00adge\u00adnen Daten an die\u00adse exter\u00adnen Stel\u00adlen erfor\u00adder\u00adlich. Wir geben per\u00adso\u00adnen\u00adbe\u00adzo\u00adge\u00adne Daten nur dann an exter\u00adne Stel\u00adlen wei\u00adter, wenn dies im Rah\u00admen einer Ver\u00adtrags\u00ader\u00adf\u00fcl\u00adlung erfor\u00adder\u00adlich ist, wenn wir gesetz\u00adlich hier\u00adzu ver\u00adpflich\u00adtet sind (z.&nbsp;B. Wei\u00adter\u00adga\u00adbe von Daten an Steu\u00ader\u00adbe\u00adh\u00f6r\u00adden), wenn wir ein berech\u00adtig\u00adtes Inter\u00ades\u00adse nach Art. 6 Abs. 1 lit. f DSGVO an der Wei\u00adter\u00adga\u00adbe haben oder wenn eine sons\u00adti\u00adge Rechts\u00adgrund\u00adla\u00adge die Daten\u00adwei\u00adter\u00adga\u00adbe erlaubt. Beim Ein\u00adsatz von Auf\u00adtrags\u00adver\u00adar\u00adbei\u00adtern geben wir per\u00adso\u00adnen\u00adbe\u00adzo\u00adge\u00adne Daten unse\u00adrer Kun\u00adden nur auf Grund\u00adla\u00adge eines g\u00fcl\u00adti\u00adgen Ver\u00adtrags \u00fcber Auf\u00adtrags\u00adver\u00adar\u00adbei\u00adtung wei\u00adter. Im Fal\u00adle einer gemein\u00adsa\u00admen Ver\u00adar\u00adbei\u00adtung wird ein Ver\u00adtrag \u00fcber gemein\u00adsa\u00adme Ver\u00adar\u00adbei\u00adtung geschlos\u00adsen.<\/p>\n<h3>Widerruf Ihrer Einwilligung zur Datenverarbeitung<\/h3> <p>Vie\u00adle Daten\u00adver\u00adar\u00adbei\u00adtungs\u00advor\u00adg\u00e4n\u00adge sind nur mit Ihrer aus\u00addr\u00fcck\u00adli\u00adchen Ein\u00adwil\u00adli\u00adgung m\u00f6g\u00adlich. Sie k\u00f6n\u00adnen eine bereits erteil\u00adte Ein\u00adwil\u00adli\u00adgung jeder\u00adzeit wider\u00adru\u00adfen. Die Recht\u00adm\u00e4\u00ad\u00dfig\u00adkeit der bis zum Wider\u00adruf erfolg\u00adten Daten\u00adver\u00adar\u00adbei\u00adtung bleibt vom Wider\u00adruf unbe\u00adr\u00fchrt.<\/p>\n<h3>Widerspruchsrecht gegen die Datenerhebung in besonderen F\u00e4llen sowie gegen Direktwerbung (Art. 21 DSGVO)<\/h3> <p>WENN DIE DATENVERARBEITUNG AUF GRUNDLAGE VON ART. 6 ABS. 1 LIT. E ODER F DSGVO ERFOLGT, HABEN SIE JEDERZEIT DAS RECHT, AUS GR\u00dcNDEN, DIE SICH AUS IHRER BESONDEREN SITUATION ERGEBEN, GEGEN DIE VERARBEITUNG IHRER PERSONENBEZOGENEN DATEN WIDERSPRUCH EINZULEGEN; DIES GILT AUCH F\u00dcR EIN AUF DIESE BESTIMMUNGEN GEST\u00dcTZTES PROFILING. DIE JEWEILIGE RECHTSGRUNDLAGE, AUF DENEN EINE VERARBEITUNG BERUHT, ENTNEHMEN SIE DIESER DATENSCHUTZERKL\u00c4RUNG. WENN SIE WIDERSPRUCH EINLEGEN, WERDEN WIR IHRE BETROFFENEN PERSONENBEZOGENEN DATEN NICHT MEHR VERARBEITEN, ES SEI DENN, WIR K\u00d6NNEN ZWINGENDE SCHUTZW\u00dcRDIGE GR\u00dcNDE F\u00dcR DIE VERARBEITUNG NACHWEISEN, DIE IHRE INTERESSEN, RECHTE UND FREIHEITEN \u00dcBERWIEGEN ODER DIE VERARBEITUNG DIENT DER GELTENDMACHUNG, AUS\u00dcBUNG ODER VERTEIDIGUNG VON RECHTSANSPR\u00dcCHEN (WIDERSPRUCH NACH ART. 21 ABS. 1 DSGVO).<\/p> <p>WERDEN IHRE PERSONENBEZOGENEN DATEN VERARBEITET, UM DIREKTWERBUNG ZU BETREIBEN, SO HABEN SIE DAS RECHT, JEDERZEIT WIDERSPRUCH GEGEN DIE VERARBEITUNG SIE BETREFFENDER PERSONENBEZOGENER DATEN ZUM ZWECKE DERARTIGER WERBUNG EINZULEGEN; DIES GILT AUCH F\u00dcR DAS PROFILING, SOWEIT ES MIT SOLCHER DIREKTWERBUNG IN VERBINDUNG STEHT. WENN SIE WIDERSPRECHEN, WERDEN IHRE PERSONENBEZOGENEN DATEN ANSCHLIESSEND NICHT MEHR ZUM ZWECKE DER DIREKTWERBUNG VERWENDET (WIDERSPRUCH NACH ART. 21 ABS. 2 DSGVO).<\/p>\n<h3>Beschwerde\u00adrecht bei der zust\u00e4ndigen Aufsichts\u00adbeh\u00f6rde<\/h3> <p>Im Fal\u00adle von Ver\u00adst\u00f6\u00ad\u00dfen gegen die DSGVO steht den Betrof\u00adfe\u00adnen ein Beschwer\u00adde\u00adrecht bei einer Auf\u00adsichts\u00adbe\u00adh\u00f6r\u00adde, ins\u00adbe\u00adson\u00adde\u00adre in dem Mit\u00adglied\u00adstaat ihres gew\u00f6hn\u00adli\u00adchen Auf\u00adent\u00adhalts, ihres Arbeits\u00adplat\u00adzes oder des Orts des mut\u00adma\u00df\u00adli\u00adchen Ver\u00adsto\u00ad\u00dfes zu. Das Beschwer\u00adde\u00adrecht besteht unbe\u00adscha\u00addet ander\u00adwei\u00adti\u00adger ver\u00adwal\u00adtungs\u00adrecht\u00adli\u00adcher oder gericht\u00adli\u00adcher Rechts\u00adbe\u00adhel\u00adfe.<\/p>\n<h3>Recht auf Daten\u00ad\u00fcbertrag\u00adbarkeit<\/h3> <p>Sie haben das Recht, Daten, die wir auf Grund\u00adla\u00adge Ihrer Ein\u00adwil\u00adli\u00adgung oder in Erf\u00fcl\u00adlung eines Ver\u00adtrags auto\u00adma\u00adti\u00adsiert ver\u00adar\u00adbei\u00adten, an sich oder an einen Drit\u00adten in einem g\u00e4n\u00adgi\u00adgen, maschi\u00adnen\u00adles\u00adba\u00adren For\u00admat aus\u00adh\u00e4n\u00addi\u00adgen zu las\u00adsen. Sofern Sie die direk\u00adte \u00dcber\u00adtra\u00adgung der Daten an einen ande\u00adren Ver\u00adant\u00adwort\u00adli\u00adchen ver\u00adlan\u00adgen, erfolgt dies nur, soweit es tech\u00adnisch mach\u00adbar ist.<\/p>\n<h3>Auskunft, Berichtigung und L\u00f6schung<\/h3> <p>Sie haben im Rah\u00admen der gel\u00adten\u00adden gesetz\u00adli\u00adchen Bestim\u00admun\u00adgen jeder\u00adzeit das Recht auf unent\u00adgelt\u00adli\u00adche Aus\u00adkunft \u00fcber Ihre gespei\u00adcher\u00adten per\u00adso\u00adnen\u00adbe\u00adzo\u00adge\u00adnen Daten, deren Her\u00adkunft und Emp\u00adf\u00e4n\u00adger und den Zweck der Daten\u00adver\u00adar\u00adbei\u00adtung und ggf. ein Recht auf Berich\u00adti\u00adgung oder L\u00f6schung die\u00adser Daten. Hier\u00adzu sowie zu wei\u00adte\u00adren Fra\u00adgen zum The\u00adma per\u00adso\u00adnen\u00adbe\u00adzo\u00adge\u00adne Daten k\u00f6n\u00adnen Sie sich jeder\u00adzeit an uns wen\u00adden.<\/p>\n<h3>Recht auf Einschr\u00e4nkung der Verarbeitung<\/h3> <p>Sie haben das Recht, die Ein\u00adschr\u00e4n\u00adkung der Ver\u00adar\u00adbei\u00adtung Ihrer per\u00adso\u00adnen\u00adbe\u00adzo\u00adge\u00adnen Daten zu ver\u00adlan\u00adgen. Hier\u00adzu k\u00f6n\u00adnen Sie sich jeder\u00adzeit an uns wen\u00adden. Das Recht auf Ein\u00adschr\u00e4n\u00adkung der Ver\u00adar\u00adbei\u00adtung besteht in fol\u00adgen\u00adden F\u00e4l\u00adlen:<\/p> <ul> <li>Wenn Sie die Rich\u00adtig\u00adkeit Ihrer bei uns gespei\u00adcher\u00adten per\u00adso\u00adnen\u00adbe\u00adzo\u00adge\u00adnen Daten bestrei\u00adten, ben\u00f6\u00adti\u00adgen wir in der Regel Zeit, um dies zu \u00fcber\u00adpr\u00fc\u00adfen. F\u00fcr die Dau\u00ader der Pr\u00fc\u00adfung haben Sie das Recht, die Ein\u00adschr\u00e4n\u00adkung der Ver\u00adar\u00adbei\u00adtung Ihrer per\u00adso\u00adnen\u00adbe\u00adzo\u00adge\u00adnen Daten zu ver\u00adlan\u00adgen.<\/li> <li>Wenn die Ver\u00adar\u00adbei\u00adtung Ihrer per\u00adso\u00adnen\u00adbe\u00adzo\u00adge\u00adnen Daten unrecht\u00adm\u00e4\u00ad\u00dfig geschah\/geschieht, k\u00f6n\u00adnen Sie statt der L\u00f6schung die Ein\u00adschr\u00e4n\u00adkung der Daten\u00adver\u00adar\u00adbei\u00adtung ver\u00adlan\u00adgen.<\/li> <li>Wenn wir Ihre per\u00adso\u00adnen\u00adbe\u00adzo\u00adge\u00adnen Daten nicht mehr ben\u00f6\u00adti\u00adgen, Sie sie jedoch zur Aus\u00ad\u00fcbung, Ver\u00adtei\u00addi\u00adgung oder Gel\u00adtend\u00adma\u00adchung von Rechts\u00adan\u00adspr\u00fc\u00adchen ben\u00f6\u00adti\u00adgen, haben Sie das Recht, statt der L\u00f6schung die Ein\u00adschr\u00e4n\u00adkung der Ver\u00adar\u00adbei\u00adtung Ihrer per\u00adso\u00adnen\u00adbe\u00adzo\u00adge\u00adnen Daten zu ver\u00adlan\u00adgen.<\/li> <li>Wenn Sie einen Wider\u00adspruch nach Art. 21 Abs. 1 DSGVO ein\u00adge\u00adlegt haben, muss eine Abw\u00e4\u00adgung zwi\u00adschen Ihren und unse\u00adren Inter\u00ades\u00adsen vor\u00adge\u00adnom\u00admen wer\u00adden. Solan\u00adge noch nicht fest\u00adsteht, wes\u00adsen Inter\u00ades\u00adsen \u00fcber\u00adwie\u00adgen, haben Sie das Recht, die Ein\u00adschr\u00e4n\u00adkung der Ver\u00adar\u00adbei\u00adtung Ihrer per\u00adso\u00adnen\u00adbe\u00adzo\u00adge\u00adnen Daten zu ver\u00adlan\u00adgen.<\/li> <\/ul> <p>Wenn Sie die Ver\u00adar\u00adbei\u00adtung Ihrer per\u00adso\u00adnen\u00adbe\u00adzo\u00adge\u00adnen Daten ein\u00adge\u00adschr\u00e4nkt haben, d\u00fcr\u00adfen die\u00adse Daten \u2013 von ihrer Spei\u00adche\u00adrung abge\u00adse\u00adhen \u2013 nur mit Ihrer Ein\u00adwil\u00adli\u00adgung oder zur Gel\u00adtend\u00adma\u00adchung, Aus\u00ad\u00fcbung oder Ver\u00adtei\u00addi\u00adgung von Rechts\u00adan\u00adspr\u00fc\u00adchen oder zum Schutz der Rech\u00adte einer ande\u00adren nat\u00fcr\u00adli\u00adchen oder juris\u00adti\u00adschen Per\u00adson oder aus Gr\u00fcn\u00adden eines wich\u00adti\u00adgen \u00f6ffent\u00adli\u00adchen Inter\u00ades\u00adses der Euro\u00adp\u00e4i\u00adschen Uni\u00adon oder eines Mit\u00adglied\u00adstaats ver\u00adar\u00adbei\u00adtet wer\u00adden.<\/p>\n<h3>SSL- bzw. TLS-Verschl\u00fcsselung<\/h3> <p>Die\u00adse Sei\u00adte nutzt aus Sicher\u00adheits\u00adgr\u00fcn\u00adden und zum Schutz der \u00dcber\u00adtra\u00adgung ver\u00adtrau\u00adli\u00adcher Inhal\u00adte, wie zum Bei\u00adspiel Bestel\u00adlun\u00adgen oder Anfra\u00adgen, die Sie an uns als Sei\u00adten\u00adbe\u00adtrei\u00adber sen\u00adden, eine SSL- bzw. TLS-Ver\u00adschl\u00fcs\u00adse\u00adlung. Eine ver\u00adschl\u00fcs\u00adsel\u00adte Ver\u00adbin\u00addung erken\u00adnen Sie dar\u00adan, dass die Adress\u00adzei\u00adle des Brow\u00adsers von \u201ehttp:\/\/\u201c auf \u201ehttps:\/\/\u201c wech\u00adselt und an dem Schloss-Sym\u00adbol in Ihrer Brow\u00adser\u00adzei\u00adle.<\/p> <p>Wenn die SSL- bzw. TLS-Ver\u00adschl\u00fcs\u00adse\u00adlung akti\u00adviert ist, k\u00f6n\u00adnen die Daten, die Sie an uns \u00fcber\u00admit\u00adteln, nicht von Drit\u00adten mit\u00adge\u00adle\u00adsen wer\u00adden.<\/p>\n<h3>Widerspruch gegen Werbe-E-Mails<\/h3> <p>Der Nut\u00adzung von im Rah\u00admen der Impres\u00adsums\u00adpflicht ver\u00ad\u00f6f\u00adfent\u00adlich\u00adten Kon\u00adtakt\u00adda\u00adten zur \u00dcber\u00adsen\u00addung von nicht aus\u00addr\u00fcck\u00adlich ange\u00adfor\u00adder\u00adter Wer\u00adbung und Infor\u00adma\u00adti\u00adons\u00adma\u00adte\u00adria\u00adli\u00aden wird hier\u00admit wider\u00adspro\u00adchen. Die Betrei\u00adber der Sei\u00adten behal\u00adten sich aus\u00addr\u00fcck\u00adlich recht\u00adli\u00adche Schrit\u00adte im Fal\u00adle der unver\u00adlang\u00adten Zusen\u00addung von Wer\u00adbe\u00adinfor\u00adma\u00adtio\u00adnen, etwa durch Spam-E-Mails, vor.<\/p>\n<h2>4. Analyse-Tools und Werbung<\/h2>\n<h3>WP Statistics<\/h3> <p>Die\u00adse Web\u00adsite nutzt das Ana\u00adly\u00adse\u00adtool WP Sta\u00adtis\u00adtics, um Besu\u00adcher\u00adzu\u00adgrif\u00adfe sta\u00adtis\u00adtisch aus\u00adzu\u00adwer\u00adten. Anbie\u00adter ist Vero\u00adnalabs, Tata\u00adri 64, 10134, Tal\u00adlinn, Est\u00adland (<a href=\"https:\/\/veronalabs.com\" target=\"_blank\" rel=\"noopener noreferrer\">https:\/\/veronalabs.com<\/a>).<\/p> <p>Mit WP Sta\u00adtis\u00adtics k\u00f6n\u00adnen wir die Nut\u00adzung unse\u00adrer Web\u00adsite ana\u00adly\u00adsie\u00adren. WP Sta\u00adtis\u00adtics erfasst dabei u.&nbsp;a. Log\u00adda\u00adtei\u00aden (IP-Adres\u00adse, Refer\u00adrer, ver\u00adwen\u00adde\u00adte Brow\u00adser, Her\u00adkunft des Nut\u00adzers, ver\u00adwen\u00adde\u00adte Such\u00adma\u00adschi\u00adne) und Aktio\u00adnen, die die Web\u00adsite\u00adbe\u00adsu\u00adcher auf der Sei\u00adte get\u00e4\u00adtigt haben (z.&nbsp;B. Klicks und Ansich\u00adten).<\/p> <p>Die mit WP Sta\u00adtis\u00adtics erfass\u00adten Daten wer\u00adden aus\u00adschlie\u00df\u00adlich auf unse\u00adrem eige\u00adnen Ser\u00adver gespei\u00adchert.<\/p> <p>Die Nut\u00adzung die\u00adses Ana\u00adly\u00adse-Tools erfolgt auf Grund\u00adla\u00adge von Art. 6 Abs. 1 lit. f DSGVO. Wir haben ein berech\u00adtig\u00adtes Inter\u00ades\u00adse an der anony\u00admi\u00adsier\u00adten Ana\u00adly\u00adse des Nut\u00adzer\u00adver\u00adhal\u00adtens, um sowohl unser Web\u00adan\u00adge\u00adbot als auch unse\u00adre Wer\u00adbung zu opti\u00admie\u00adren. Sofern eine ent\u00adspre\u00adchen\u00adde Ein\u00adwil\u00adli\u00adgung abge\u00adfragt wur\u00adde, erfolgt die Ver\u00adar\u00adbei\u00adtung aus\u00adschlie\u00df\u00adlich auf Grund\u00adla\u00adge von Art. 6 Abs. 1 lit. a DSGVO und \u00a7 25 Abs. 1 TTDSG, soweit die Ein\u00adwil\u00adli\u00adgung die Spei\u00adche\u00adrung von Coo\u00adkies oder den Zugriff auf Infor\u00adma\u00adtio\u00adnen im End\u00adge\u00adr\u00e4t des Nut\u00adzers (z.&nbsp;B. Device-Fin\u00adger\u00adprin\u00adting) im Sin\u00adne des TTDSG umfasst. Die Ein\u00adwil\u00adli\u00adgung ist jeder\u00adzeit wider\u00adruf\u00adbar.<\/p>\n\n<h2>5. Plugins und Tools<\/h2>\n<h3>Google Fonts (lokales Hosting)<\/h3> <p>Die\u00adse Sei\u00adte nutzt zur ein\u00adheit\u00adli\u00adchen Dar\u00adstel\u00adlung von Schrift\u00adar\u00adten so genann\u00adte Goog\u00adle Fonts, die von Goog\u00adle bereit\u00adge\u00adstellt wer\u00adden. Die Goog\u00adle Fonts sind lokal instal\u00adliert. Eine Ver\u00adbin\u00addung zu Ser\u00advern von Goog\u00adle fin\u00addet dabei nicht statt.<\/p> <p>Wei\u00adte\u00adre Infor\u00adma\u00adtio\u00adnen zu Goog\u00adle Fonts fin\u00adden Sie unter <a href=\"https:\/\/developers.google.com\/fonts\/faq\" target=\"_blank\" rel=\"noopener noreferrer\">https:\/\/developers.google.com\/fonts\/faq<\/a> und in der Daten\u00adschutz\u00ader\u00adkl\u00e4\u00adrung von Goog\u00adle: <a href=\"https:\/\/policies.google.com\/privacy?hl=de\" target=\"_blank\" rel=\"noopener noreferrer\">https:\/\/policies.google.com\/privacy?hl=de<\/a>.<\/p>\n<h3>Font Awesome (lokales Hosting)<\/h3> <p>Die\u00adse Sei\u00adte nutzt zur ein\u00adheit\u00adli\u00adchen Dar\u00adstel\u00adlung von Schrift\u00adar\u00adten Font Awe\u00adso\u00adme. Font Awe\u00adso\u00adme ist lokal instal\u00adliert. Eine Ver\u00adbin\u00addung zu Ser\u00advern von Fon\u00adti\u00adcons, Inc. fin\u00addet dabei nicht statt.<\/p> <p>Wei\u00adte\u00adre Infor\u00adma\u00adtio\u00adnen zu Font Awe\u00adso\u00adme fin\u00adden Sie in der Daten\u00adschutz\u00ader\u00adkl\u00e4\u00adrung f\u00fcr Font Awe\u00adso\u00adme unter: <a href=\"https:\/\/fontawesome.com\/privacy\" target=\"_blank\" rel=\"noopener noreferrer\">https:\/\/fontawesome.com\/privacy<\/a>.<\/p>\n<h3>Google Maps<\/h3> <p>Die\u00adse Sei\u00adte nutzt den Kar\u00adten\u00addienst Goog\u00adle Maps. Anbie\u00adter ist die Goog\u00adle Ire\u00adland Limi\u00adt\u00aded (\u201eGoog\u00adle\u201c), Gor\u00addon House, Bar\u00adrow Street, Dub\u00adlin 4, Irland.<\/p> <p>Zur Nut\u00adzung der Funk\u00adtio\u00adnen von Goog\u00adle Maps ist es not\u00adwen\u00addig, Ihre IP-Adres\u00adse zu spei\u00adchern. Die\u00adse Infor\u00adma\u00adtio\u00adnen wer\u00adden in der Regel an einen Ser\u00adver von Goog\u00adle in den USA \u00fcber\u00adtra\u00adgen und dort gespei\u00adchert. Der Anbie\u00adter die\u00adser Sei\u00adte hat kei\u00adnen Ein\u00adfluss auf die\u00adse Daten\u00ad\u00fcber\u00adtra\u00adgung. Wenn Goog\u00adle Maps akti\u00adviert ist, kann Goog\u00adle zum Zwe\u00adcke der ein\u00adheit\u00adli\u00adchen Dar\u00adstel\u00adlung der Schrift\u00adar\u00adten Goog\u00adle Fonts ver\u00adwen\u00adden. Beim Auf\u00adruf von Goog\u00adle Maps l\u00e4dt Ihr Brow\u00adser die ben\u00f6\u00adtig\u00adten Web Fonts in ihren Brow\u00adser\u00adcache, um Tex\u00adte und Schrift\u00adar\u00adten kor\u00adrekt anzu\u00adzei\u00adgen.<\/p> <p>Die Nut\u00adzung von Goog\u00adle Maps erfolgt im Inter\u00ades\u00adse einer anspre\u00adchen\u00adden Dar\u00adstel\u00adlung unse\u00adrer Online-Ange\u00adbo\u00adte und an einer leich\u00adten Auf\u00adfind\u00adbar\u00adkeit der von uns auf der Web\u00adsite ange\u00adge\u00adbe\u00adnen Orte. Dies stellt ein berech\u00adtig\u00adtes Inter\u00ades\u00adse im Sin\u00adne von Art. 6 Abs. 1 lit. f DSGVO dar. Sofern eine ent\u00adspre\u00adchen\u00adde Ein\u00adwil\u00adli\u00adgung abge\u00adfragt wur\u00adde, erfolgt die Ver\u00adar\u00adbei\u00adtung aus\u00adschlie\u00df\u00adlich auf Grund\u00adla\u00adge von Art. 6 Abs. 1 lit. a DSGVO und \u00a7 25 Abs. 1 TTDSG, soweit die Ein\u00adwil\u00adli\u00adgung die Spei\u00adche\u00adrung von Coo\u00adkies oder den Zugriff auf Infor\u00adma\u00adtio\u00adnen im End\u00adge\u00adr\u00e4t des Nut\u00adzers (z.&nbsp;B. Device-Fin\u00adger\u00adprin\u00adting) im Sin\u00adne des TTDSG umfasst. Die Ein\u00adwil\u00adli\u00adgung ist jeder\u00adzeit wider\u00adruf\u00adbar.<\/p> <p>Die Daten\u00ad\u00fcber\u00adtra\u00adgung in die USA wird auf die Stan\u00addard\u00adver\u00adtrags\u00adklau\u00adseln der EU-Kom\u00admis\u00adsi\u00adon gest\u00fctzt. Details fin\u00adden Sie hier: <a href=\"https:\/\/privacy.google.com\/businesses\/gdprcontrollerterms\/\" target=\"_blank\" rel=\"noopener noreferrer\">https:\/\/privacy.google.com\/businesses\/gdprcontrollerterms\/<\/a> und <a href=\"https:\/\/privacy.google.com\/businesses\/gdprcontrollerterms\/sccs\/\" target=\"_blank\" rel=\"noopener noreferrer\">https:\/\/privacy.google.com\/businesses\/gdprcontrollerterms\/sccs\/<\/a>.<\/p> <p>Mehr Infor\u00adma\u00adtio\u00adnen zum Umgang mit Nut\u00adzer\u00adda\u00adten fin\u00adden Sie in der Daten\u00adschutz\u00ader\u00adkl\u00e4\u00adrung von Goog\u00adle: <a href=\"https:\/\/policies.google.com\/privacy?hl=de\" target=\"_blank\" rel=\"noopener noreferrer\">https:\/\/policies.google.com\/privacy?hl=de<\/a>.<\/p>\n<p>Das Unter\u00adneh\u00admen ver\u00adf\u00fcgt \u00fcber eine Zer\u00adti\u00adfi\u00adzie\u00adrung nach dem \u201eEU-US Data Pri\u00adva\u00adcy Frame\u00adwork\u201c (DPF). Der DPF ist ein \u00dcber\u00adein\u00adkom\u00admen zwi\u00adschen der Euro\u00adp\u00e4i\u00adschen Uni\u00adon und den USA, der die Ein\u00adhal\u00adtung euro\u00adp\u00e4i\u00adscher Daten\u00adschutz\u00adstan\u00addards bei Daten\u00adver\u00adar\u00adbei\u00adtun\u00adgen in den USA gew\u00e4hr\u00adleis\u00adten soll. Jedes nach dem DPF zer\u00adti\u00adfi\u00adzier\u00adte Unter\u00adneh\u00admen ver\u00adpflich\u00adtet sich, die\u00adse Daten\u00adschutz\u00adstan\u00addards ein\u00adzu\u00adhal\u00adten. Wei\u00adte\u00adre Infor\u00adma\u00adtio\u00adnen hier\u00adzu erhal\u00adten Sie vom Anbie\u00adter unter fol\u00adgen\u00addem Link: <a href=\"https:\/\/www.dataprivacyframework.gov\/s\/participant-search\/participant-detail?contact=true&amp;id=a2zt000000001L5AAI&amp;status=Active\" target=\"_blank\" rel=\"noopener noreferrer\">https:\/\/www.dataprivacyframework.gov\/s\/participant-search\/participant-detail?contact=true&amp;id=a2zt000000001L5AAI&amp;status=Active<\/a><\/p>\n<p>Quel\u00adle: <a href=\"https:\/\/www.e-recht24.de\">https:\/\/www.e\u2011recht24.de<\/a><\/p>\n","protected":false},"excerpt":{"rendered":"<p>1. Daten\u00adschutz auf einen Blick All\u00adge\u00admei\u00adne Hin\u00adwei\u00adse Die fol\u00adgen\u00adden Hin\u00adwei\u00adse geben einen ein\u00adfa\u00adchen \u00dcber\u00adblick dar\u00ad\u00fcber, was mit Ihren per\u00adso\u00adnen\u00adbe\u00adzo\u00adge\u00adnen Daten pas\u00adsiert, wenn Sie die\u00adse Web\u00adsite besu\u00adchen. Per\u00adso\u00adnen\u00adbe\u00adzo\u00adge\u00adne Daten sind alle [\u2026]<\/p>\n","protected":false},"author":1,"featured_media":0,"parent":0,"menu_order":0,"comment_status":"closed","ping_status":"closed","template":"","meta":{"_lmt_disableupdate":"","_lmt_disable":"","wp_typography_post_enhancements_disabled":false,"_EventAllDay":false,"_EventTimezone":"","_EventStartDate":"","_EventEndDate":"","_EventStartDateUTC":"","_EventEndDateUTC":"","_EventShowMap":false,"_EventShowMapLink":false,"_EventURL":"","_EventCost":"","_EventCostDescription":"","_EventCurrencySymbol":"","_EventCurrencyCode":"","_EventCurrencyPosition":"","_EventDateTimeSeparator":"","_EventTimeRangeSeparator":"","_EventOrganizerID":[],"_EventVenueID":[],"_OrganizerEmail":"","_OrganizerPhone":"","_OrganizerWebsite":"","_VenueAddress":"","_VenueCity":"","_VenueCountry":"","_VenueProvince":"","_VenueState":"","_VenueZip":"","_VenuePhone":"","_VenueURL":"","_VenueStateProvince":"","_VenueLat":"","_VenueLng":"","_VenueShowMap":false,"_VenueShowMapLink":false,"footnotes":""},"class_list":["post-64","page","type-page","status-publish","czr-hentry"],"yoast_head":"<!-- This site is optimized with the Yoast SEO plugin v27.4 - https:\/\/yoast.com\/product\/yoast-seo-wordpress\/ -->\n<title>Datenschutzerkl\u00e4rung - Eichenlaub Haunwang<\/title>\n<meta name=\"robots\" content=\"index, follow, max-snippet:-1, max-image-preview:large, max-video-preview:-1\" \/>\n<link rel=\"canonical\" href=\"https:\/\/eichenlaub-haunwang.de\/index.php\/datenschutzerklaerung-2\/\" \/>\n<meta property=\"og:locale\" content=\"de_DE\" \/>\n<meta property=\"og:type\" content=\"article\" \/>\n<meta property=\"og:title\" content=\"Datenschutzerkl\u00e4rung - Eichenlaub Haunwang\" \/>\n<meta property=\"og:description\" content=\"1. Datenschutz auf einen Blick Allgemeine Hinweise Die fol\u00adgen\u00adden Hin\u00adwei\u00adse geben einen ein\u00adfa\u00adchen \u00dcber\u00adblick dar\u00ad\u00fcber, was mit Ihren per\u00adso\u00adnen\u00adbe\u00adzo\u00adge\u00adnen Daten pas\u00adsiert, wenn Sie die\u00adse Web\u00adsite besu\u00adchen. Per\u00adso\u00adnen\u00adbe\u00adzo\u00adge\u00adne Daten sind alle [&hellip;]\" \/>\n<meta property=\"og:url\" content=\"https:\/\/eichenlaub-haunwang.de\/index.php\/datenschutzerklaerung-2\/\" \/>\n<meta property=\"og:site_name\" content=\"Eichenlaub Haunwang\" \/>\n<meta property=\"article:modified_time\" content=\"2023-11-12T19:45:48+00:00\" \/>\n<meta name=\"twitter:card\" content=\"summary_large_image\" \/>\n<meta name=\"twitter:label1\" content=\"Gesch\u00e4tzte Lesezeit\" \/>\n\t<meta name=\"twitter:data1\" content=\"14\u00a0Minuten\" \/>\n<script type=\"application\/ld+json\" class=\"yoast-schema-graph\">{\"@context\":\"https:\\\/\\\/schema.org\",\"@graph\":[{\"@type\":\"WebPage\",\"@id\":\"https:\\\/\\\/eichenlaub-haunwang.de\\\/index.php\\\/datenschutzerklaerung-2\\\/\",\"url\":\"https:\\\/\\\/eichenlaub-haunwang.de\\\/index.php\\\/datenschutzerklaerung-2\\\/\",\"name\":\"Datenschutzerkl\u00e4rung - Eichenlaub Haunwang\",\"isPartOf\":{\"@id\":\"https:\\\/\\\/eichenlaub-haunwang.de\\\/#website\"},\"datePublished\":\"2023-11-05T19:00:40+00:00\",\"dateModified\":\"2023-11-12T19:45:48+00:00\",\"breadcrumb\":{\"@id\":\"https:\\\/\\\/eichenlaub-haunwang.de\\\/index.php\\\/datenschutzerklaerung-2\\\/#breadcrumb\"},\"inLanguage\":\"de\",\"potentialAction\":[{\"@type\":\"ReadAction\",\"target\":[\"https:\\\/\\\/eichenlaub-haunwang.de\\\/index.php\\\/datenschutzerklaerung-2\\\/\"]}]},{\"@type\":\"BreadcrumbList\",\"@id\":\"https:\\\/\\\/eichenlaub-haunwang.de\\\/index.php\\\/datenschutzerklaerung-2\\\/#breadcrumb\",\"itemListElement\":[{\"@type\":\"ListItem\",\"position\":1,\"name\":\"Startseite\",\"item\":\"https:\\\/\\\/eichenlaub-haunwang.de\\\/\"},{\"@type\":\"ListItem\",\"position\":2,\"name\":\"Datenschutzerkl\u00e4rung\"}]},{\"@type\":\"WebSite\",\"@id\":\"https:\\\/\\\/eichenlaub-haunwang.de\\\/#website\",\"url\":\"https:\\\/\\\/eichenlaub-haunwang.de\\\/\",\"name\":\"Eichenlaub Haunwang\",\"description\":\"gegr. 1950\",\"publisher\":{\"@id\":\"https:\\\/\\\/eichenlaub-haunwang.de\\\/#organization\"},\"potentialAction\":[{\"@type\":\"SearchAction\",\"target\":{\"@type\":\"EntryPoint\",\"urlTemplate\":\"https:\\\/\\\/eichenlaub-haunwang.de\\\/?s={search_term_string}\"},\"query-input\":{\"@type\":\"PropertyValueSpecification\",\"valueRequired\":true,\"valueName\":\"search_term_string\"}}],\"inLanguage\":\"de\"},{\"@type\":\"Organization\",\"@id\":\"https:\\\/\\\/eichenlaub-haunwang.de\\\/#organization\",\"name\":\"Eichenlaub Haunwang\",\"url\":\"https:\\\/\\\/eichenlaub-haunwang.de\\\/\",\"logo\":{\"@type\":\"ImageObject\",\"inLanguage\":\"de\",\"@id\":\"https:\\\/\\\/eichenlaub-haunwang.de\\\/#\\\/schema\\\/logo\\\/image\\\/\",\"url\":\"https:\\\/\\\/eichenlaub-haunwang.de\\\/wp-content\\\/uploads\\\/media\\\/template\\\/cropped-eh-wappen-aussen_transparent_small.png\",\"contentUrl\":\"https:\\\/\\\/eichenlaub-haunwang.de\\\/wp-content\\\/uploads\\\/media\\\/template\\\/cropped-eh-wappen-aussen_transparent_small.png\",\"width\":514,\"height\":554,\"caption\":\"Eichenlaub Haunwang\"},\"image\":{\"@id\":\"https:\\\/\\\/eichenlaub-haunwang.de\\\/#\\\/schema\\\/logo\\\/image\\\/\"}}]}<\/script>\n<!-- \/ Yoast SEO plugin. -->","yoast_head_json":{"title":"Datenschutzerkl\u00e4rung - Eichenlaub Haunwang","robots":{"index":"index","follow":"follow","max-snippet":"max-snippet:-1","max-image-preview":"max-image-preview:large","max-video-preview":"max-video-preview:-1"},"canonical":"https:\/\/eichenlaub-haunwang.de\/index.php\/datenschutzerklaerung-2\/","og_locale":"de_DE","og_type":"article","og_title":"Datenschutzerkl\u00e4rung - Eichenlaub Haunwang","og_description":"1. Datenschutz auf einen Blick Allgemeine Hinweise Die fol\u00adgen\u00adden Hin\u00adwei\u00adse geben einen ein\u00adfa\u00adchen \u00dcber\u00adblick dar\u00ad\u00fcber, was mit Ihren per\u00adso\u00adnen\u00adbe\u00adzo\u00adge\u00adnen Daten pas\u00adsiert, wenn Sie die\u00adse Web\u00adsite besu\u00adchen. Per\u00adso\u00adnen\u00adbe\u00adzo\u00adge\u00adne Daten sind alle [&hellip;]","og_url":"https:\/\/eichenlaub-haunwang.de\/index.php\/datenschutzerklaerung-2\/","og_site_name":"Eichenlaub Haunwang","article_modified_time":"2023-11-12T19:45:48+00:00","twitter_card":"summary_large_image","twitter_misc":{"Gesch\u00e4tzte Lesezeit":"14\u00a0Minuten"},"schema":{"@context":"https:\/\/schema.org","@graph":[{"@type":"WebPage","@id":"https:\/\/eichenlaub-haunwang.de\/index.php\/datenschutzerklaerung-2\/","url":"https:\/\/eichenlaub-haunwang.de\/index.php\/datenschutzerklaerung-2\/","name":"Datenschutzerkl\u00e4rung - Eichenlaub Haunwang","isPartOf":{"@id":"https:\/\/eichenlaub-haunwang.de\/#website"},"datePublished":"2023-11-05T19:00:40+00:00","dateModified":"2023-11-12T19:45:48+00:00","breadcrumb":{"@id":"https:\/\/eichenlaub-haunwang.de\/index.php\/datenschutzerklaerung-2\/#breadcrumb"},"inLanguage":"de","potentialAction":[{"@type":"ReadAction","target":["https:\/\/eichenlaub-haunwang.de\/index.php\/datenschutzerklaerung-2\/"]}]},{"@type":"BreadcrumbList","@id":"https:\/\/eichenlaub-haunwang.de\/index.php\/datenschutzerklaerung-2\/#breadcrumb","itemListElement":[{"@type":"ListItem","position":1,"name":"Startseite","item":"https:\/\/eichenlaub-haunwang.de\/"},{"@type":"ListItem","position":2,"name":"Datenschutzerkl\u00e4rung"}]},{"@type":"WebSite","@id":"https:\/\/eichenlaub-haunwang.de\/#website","url":"https:\/\/eichenlaub-haunwang.de\/","name":"Eichenlaub Haunwang","description":"gegr. 1950","publisher":{"@id":"https:\/\/eichenlaub-haunwang.de\/#organization"},"potentialAction":[{"@type":"SearchAction","target":{"@type":"EntryPoint","urlTemplate":"https:\/\/eichenlaub-haunwang.de\/?s={search_term_string}"},"query-input":{"@type":"PropertyValueSpecification","valueRequired":true,"valueName":"search_term_string"}}],"inLanguage":"de"},{"@type":"Organization","@id":"https:\/\/eichenlaub-haunwang.de\/#organization","name":"Eichenlaub Haunwang","url":"https:\/\/eichenlaub-haunwang.de\/","logo":{"@type":"ImageObject","inLanguage":"de","@id":"https:\/\/eichenlaub-haunwang.de\/#\/schema\/logo\/image\/","url":"https:\/\/eichenlaub-haunwang.de\/wp-content\/uploads\/media\/template\/cropped-eh-wappen-aussen_transparent_small.png","contentUrl":"https:\/\/eichenlaub-haunwang.de\/wp-content\/uploads\/media\/template\/cropped-eh-wappen-aussen_transparent_small.png","width":514,"height":554,"caption":"Eichenlaub Haunwang"},"image":{"@id":"https:\/\/eichenlaub-haunwang.de\/#\/schema\/logo\/image\/"}}]}},"_links":{"self":[{"href":"https:\/\/eichenlaub-haunwang.de\/index.php\/wp-json\/wp\/v2\/pages\/64","targetHints":{"allow":["GET"]}}],"collection":[{"href":"https:\/\/eichenlaub-haunwang.de\/index.php\/wp-json\/wp\/v2\/pages"}],"about":[{"href":"https:\/\/eichenlaub-haunwang.de\/index.php\/wp-json\/wp\/v2\/types\/page"}],"author":[{"embeddable":true,"href":"https:\/\/eichenlaub-haunwang.de\/index.php\/wp-json\/wp\/v2\/users\/1"}],"replies":[{"embeddable":true,"href":"https:\/\/eichenlaub-haunwang.de\/index.php\/wp-json\/wp\/v2\/comments?post=64"}],"version-history":[{"count":3,"href":"https:\/\/eichenlaub-haunwang.de\/index.php\/wp-json\/wp\/v2\/pages\/64\/revisions"}],"predecessor-version":[{"id":141,"href":"https:\/\/eichenlaub-haunwang.de\/index.php\/wp-json\/wp\/v2\/pages\/64\/revisions\/141"}],"wp:attachment":[{"href":"https:\/\/eichenlaub-haunwang.de\/index.php\/wp-json\/wp\/v2\/media?parent=64"}],"curies":[{"name":"wp","href":"https:\/\/api.w.org\/{rel}","templated":true}]}}