{"id":495,"date":"2023-12-31T16:47:16","date_gmt":"2023-12-31T15:47:16","guid":{"rendered":"https:\/\/eichenlaub-haunwang.de\/?post_type=tribe_events&#038;p=495"},"modified":"2024-07-19T21:37:23","modified_gmt":"2024-07-19T19:37:23","slug":"100-jaehr-gruendungsfest-waldschuetzen-untersteppach","status":"publish","type":"tribe_events","link":"https:\/\/eichenlaub-haunwang.de\/index.php\/event\/100-jaehr-gruendungsfest-waldschuetzen-untersteppach\/","title":{"rendered":"100 j\u00e4hr. Gr\u00fcndungsfest Waldsch\u00fctzen Untersteppach"},"content":{"rendered":"<div class=\"tribe-events-schedule tribe-clearfix\">\n\t<p class=\"tribe-events-schedule__datetime\">\n\t\t<span class=\"tribe-events-schedule__date tribe-events-schedule__date--start\">\n\t\t\t21. Juli 2024\t\t<\/span>\n\n\t\t\t\t\t<span class=\"tribe-events-schedule__separator tribe-events-schedule__separator--date\">\n\t\t\t\t @ \t\t\t<\/span>\n\t\t\t<span class=\"tribe-events-schedule__time tribe-events-schedule__time--start\">\n\t\t\t\t8:00\t\t\t<\/span>\n\t\t\n\t\t\t\t\t\t\t\t\t<span class=\"tribe-events-schedule__separator tribe-events-schedule__separator--time\">\n\t\t\t\t\t \u2014 \t\t\t\t<\/span>\n\t\t\t\n\t\t\t\t\t\t\t<span class=\"tribe-events-schedule__time tribe-events-schedule__time--end\">\n\t\t\t\t\t17:00\t\t\t\t<\/span>\n\t\t\t\n\t\t\t\t\t\t<\/p>\n<\/div>\n\n\n\n<p><strong>Ach\u00adtung! Teil\u00adnah\u00adme muss\u00adte lei\u00adder abge\u00adsagt wer\u00adden \u2014 wir neh\u00admen nicht teil.<\/strong><\/p>\n\n\n\n<p><s>wir neh\u00admen am 100 j\u00e4h\u00adri\u00adgen Gr\u00fcn\u00addungs\u00adfest der Wald\u00adsch\u00fct\u00adzen Unter\u00ads\u00adtepp\u00adach teil.<\/s><br>Infos: https:\/\/waldschuetzenuntersteppach.de\/<\/p>\n\n\n\n<p>Zur bes\u00adse\u00adren Pla\u00adnung haben uns die Wald\u00adsch\u00fct\u00adzen Unter\u00ads\u00adtepp\u00adach gebe\u00adten die Anzahl der Teil\u00adneh\u00admer Fest\u00adessen etc. genau\u00ader zu bestim\u00admen,<br>dar\u00adum bit\u00adte am ein\u00adfachs\u00adten, im Fall einer Teil\u00adnah\u00adme, fol\u00adgen\u00addes For\u00admu\u00adlar bis zum 31.05.2024  aus\u00adf\u00fcl\u00adlen, dan\u00adke<\/p>\n\n\n\n<p>Die Abnah\u00adme der Essen etc. ist f\u00fcr uns ver\u00adpflich\u00adtend.<\/p>\n\n\n<div class=\"tribe-block tribe-block__event-price\">\n\t\t<\/div>\n\n\n\n\n<div class=\"tribe-block tribe-block__venue tribe-clearfix\">\n\t\n\t\t\n\t<\/div>\n\n\n\n\n\t<div class=\"tribe-block tribe-block__events-link\">\n\t\t<div class=\"tribe-events tribe-common\">\n\t\t\t<div class=\"tribe-events-c-subscribe-dropdown__container\">\n\t\t\t\t<div class=\"tribe-events-c-subscribe-dropdown\">\n\t\t\t\t\t<div class=\"tribe-common-c-btn-border tribe-events-c-subscribe-dropdown__button\">\n\t\t\t\t\t\t<svg class=\"tribe-common-c-svgicon tribe-common-c-svgicon--cal-export tribe-events-c-subscribe-dropdown__export-icon\" aria-hidden=\"true\" viewBox=\"0 0 23 17\">\n\t<path fill-rule=\"evenodd\" clip-rule=\"evenodd\" d=\"M.128.896V16.13c0 .211.145.383.323.383h15.354c.179 0 .323-.172.323-.383V.896c0-.212-.144-.383-.323-.383H.451C.273.513.128.684.128.896Zm16 6.742h-.901V4.679H1.009v10.729h14.218v-3.336h.901V7.638ZM1.01 1.614h14.218v2.058H1.009V1.614Z\" \/>\n\t<path d=\"M20.5 9.846H8.312M18.524 6.953l2.89 2.909-2.855 2.855\" stroke-width=\"1.2\" stroke-linecap=\"round\" stroke-linejoin=\"round\" \/>\n<\/svg>\n\t\t\t\t\t\t<button class=\"tribe-events-c-subscribe-dropdown__button-text\" aria-expanded=\"false\" aria-controls=\"tribe-events-subscribe-dropdown-content\" aria-label=\"Zeige Links an um Veranstaltungen zu deinem Kalender hinzuzuf\u00fcgen\">\n\t\t\t\t\t\t\tZum Kalender hinzuf\u00fcgen\t\t\t\t\t\t<\/button>\n\t\t\t\t\t\t<svg class=\"tribe-common-c-svgicon tribe-common-c-svgicon--caret-down tribe-events-c-subscribe-dropdown__button-icon\" aria-hidden=\"true\" viewBox=\"0 0 10 7\">\n\t<path fill-rule=\"evenodd\" clip-rule=\"evenodd\" d=\"M1.008.609L5 4.6 8.992.61l.958.958L5 6.517.05 1.566l.958-.958z\" class=\"tribe-common-c-svgicon__svg-fill\" \/>\n<\/svg>\n\t\t\t\t\t<\/div>\n\t\t\t\t\t<div id=\"tribe-events-subscribe-dropdown-content\" class=\"tribe-events-c-subscribe-dropdown__content\">\n\t\t\t\t\t\t<ul class=\"tribe-events-c-subscribe-dropdown__list\">\n\t\t\t\t\t\t\t\t\t\t\t\t\t\t\t<li class=\"tribe-events-c-subscribe-dropdown__list-item tribe-events-c-subscribe-dropdown__list-item--gcal\">\n\t\t\t\t\t\t\t\t\t<a href=\"https:\/\/www.google.com\/calendar\/event?action=TEMPLATE&amp;dates=20240721T080000\/20240721T170000&amp;text=100%20j%C3%A4hr.%20Gr%C3%BCndungsfest%20Waldsch%C3%BCtzen%20Untersteppach&amp;details=%3Cp%3E%3Cstrong%3EAchtung%21+Teilnahme+musste+leider+abgesagt+werden+-+wir+nehmen+nicht+teil.%3C%2Fstrong%3E%3C%2Fp%3E+%3Cp%3E%3Cs%3Ewir+nehmen+am+100+j%C3%A4hrigen+Gr%C3%BCndungsfest+der+Waldsch%C3%BCtzen+Untersteppach+teil.%3C%2Fs%3E%3Cbr%3EInfos%3A+https%3A%2F%2Fwaldschuetzenuntersteppach.de%2F%3C%2Fp%3E+%3Cp%3EZur+besseren+Planung+haben+uns+die+Waldsch%C3%BCtzen+Untersteppach+gebeten+die+Anzahl+der+Teilnehmer+Festessen+etc.+genauer+zu+bestimmen%2C%3Cbr%3Edarum+bitte+am+einfachsten%2C+im+Fall+einer+Teilnahme%2C+folgendes+Formular+bis+zum+31.05.2024++ausf%C3%BCllen%2C+danke%3C%2Fp%3E+%3Cp%3EDie+Abnahme+der+Essen+etc.+ist+f%C3%BCr+uns+verpflichtend.%3C%2Fp%3E+&amp;trp=false&amp;ctz=Europe\/Berlin&amp;sprop=website:https:\/\/eichenlaub-haunwang.de\" class=\"tribe-events-c-subscribe-dropdown__list-item-link\" target=\"_blank\" rel=\"noopener noreferrer nofollow noindex\">\n\t\t\t\t\t\t\t\t\t\tGoog\u00adle Kalen\u00adder\t\t\t\t\t\t\t\t\t<\/a>\n\t\t\t\t\t\t\t\t<\/li>\n\t\t\t\t\t\t\t\t\t\t\t\t\t\t\t<li class=\"tribe-events-c-subscribe-dropdown__list-item tribe-events-c-subscribe-dropdown__list-item--ical\">\n\t\t\t\t\t\t\t\t\t<a href class=\"tribe-events-c-subscribe-dropdown__list-item-link\" target=\"_blank\" rel=\"noopener noreferrer nofollow noindex\">\n\t\t\t\t\t\t\t\t\t\tiCal\u00aden\u00addar\t\t\t\t\t\t\t\t\t<\/a>\n\t\t\t\t\t\t\t\t<\/li>\n\t\t\t\t\t\t\t\t\t\t\t\t\t\t\t<li class=\"tribe-events-c-subscribe-dropdown__list-item tribe-events-c-subscribe-dropdown__list-item--outlook-365\">\n\t\t\t\t\t\t\t\t\t<a href class=\"tribe-events-c-subscribe-dropdown__list-item-link\" target=\"_blank\" rel=\"noopener noreferrer nofollow noindex\">\n\t\t\t\t\t\t\t\t\t\tOut\u00adlook 365\t\t\t\t\t\t\t\t\t<\/a>\n\t\t\t\t\t\t\t\t<\/li>\n\t\t\t\t\t\t\t\t\t\t\t\t\t\t\t<li class=\"tribe-events-c-subscribe-dropdown__list-item tribe-events-c-subscribe-dropdown__list-item--outlook-live\">\n\t\t\t\t\t\t\t\t\t<a href class=\"tribe-events-c-subscribe-dropdown__list-item-link\" target=\"_blank\" rel=\"noopener noreferrer nofollow noindex\">\n\t\t\t\t\t\t\t\t\t\tOut\u00adlook Live\t\t\t\t\t\t\t\t\t<\/a>\n\t\t\t\t\t\t\t\t<\/li>\n\t\t\t\t\t\t\t\t\t\t\t\t\t<\/ul>\n\t\t\t\t\t<\/div>\n\t\t\t\t<\/div>\n\t\t\t<\/div>\n\t\t<\/div>\n\t<\/div>\n\n","protected":false},"excerpt":{"rendered":"<p>Ach\u00adtung! Teil\u00adnah\u00adme muss\u00adte lei\u00adder abge\u00adsagt wer\u00adden \u2014 wir neh\u00admen nicht teil. wir neh\u00admen am 100 j\u00e4h\u00adri\u00adgen Gr\u00fcn\u00addungs\u00adfest der Wald\u00adsch\u00fct\u00adzen Unter\u00ads\u00adtepp\u00adach teil.Infos: https:\/\/waldschuetzenuntersteppach.de\/ Zur bes\u00adse\u00adren Pla\u00adnung haben uns die Wald\u00adsch\u00fct\u00adzen Unter\u00ads\u00adtepp\u00adach [\u2026]<\/p>\n","protected":false},"author":1,"featured_media":496,"template":"","meta":{"_lmt_disableupdate":"","_lmt_disable":"","wp_typography_post_enhancements_disabled":false,"_EventAllDay":false,"_EventTimezone":"Europe\/Berlin","_EventStartDate":"2024-07-21 08:00:00","_EventEndDate":"2024-07-21 17:00:00","_EventStartDateUTC":"2024-07-21 06:00:00","_EventEndDateUTC":"2024-07-21 15:00:00","_EventShowMap":false,"_EventShowMapLink":false,"_EventURL":"","_EventCost":"","_EventCostDescription":"","_EventCurrencySymbol":"\u20ac","_EventCurrencyCode":"EUR","_EventCurrencyPosition":"prefix","_EventDateTimeSeparator":" @ ","_EventTimeRangeSeparator":" - ","_EventOrganizerID":[],"_EventVenueID":[],"_OrganizerEmail":"","_OrganizerPhone":"","_OrganizerWebsite":"","_VenueAddress":"","_VenueCity":"","_VenueCountry":"","_VenueProvince":"","_VenueState":"","_VenueZip":"","_VenuePhone":"","_VenueURL":"","_VenueStateProvince":"","_VenueLat":"","_VenueLng":"","_VenueShowMap":false,"_VenueShowMapLink":false,"_tribe_events_status":"","_tribe_events_status_reason":"","footnotes":""},"tags":[15],"tribe_events_cat":[4,29],"class_list":{"0":"post-495","1":"tribe_events","2":"type-tribe_events","3":"status-publish","4":"has-post-thumbnail","6":"tag-gruendungsfest","7":"tribe_events_cat-allgemein","8":"tribe_events_cat-tracht-mit-fahnenabordnung","9":"cat_allgemein","10":"cat_tracht-mit-fahnenabordnung","11":"czr-hentry"},"yoast_head":"<!-- This site is optimized with the Yoast SEO plugin v27.4 - https:\/\/yoast.com\/product\/yoast-seo-wordpress\/ -->\n<title>100 j\u00e4hr. Gr\u00fcndungsfest Waldsch\u00fctzen Untersteppach - Eichenlaub Haunwang<\/title>\n<meta name=\"robots\" content=\"index, follow, max-snippet:-1, max-image-preview:large, max-video-preview:-1\" \/>\n<link rel=\"canonical\" href=\"https:\/\/eichenlaub-haunwang.de\/index.php\/event\/100-jaehr-gruendungsfest-waldschuetzen-untersteppach\/\" \/>\n<meta property=\"og:locale\" content=\"de_DE\" \/>\n<meta property=\"og:type\" content=\"article\" \/>\n<meta property=\"og:title\" content=\"100 j\u00e4hr. Gr\u00fcndungsfest Waldsch\u00fctzen Untersteppach - Eichenlaub Haunwang\" \/>\n<meta property=\"og:description\" content=\"Ach\u00adtung! Teil\u00adnah\u00adme muss\u00adte lei\u00adder abge\u00adsagt wer\u00adden \u2014 wir neh\u00admen nicht teil. wir neh\u00admen am 100 j\u00e4h\u00adri\u00adgen Gr\u00fcn\u00addungs\u00adfest der Wald\u00adsch\u00fct\u00adzen Unter\u00ads\u00adtepp\u00adach teil.Infos: https:\/\/waldschuetzenuntersteppach.de\/ Zur bes\u00adse\u00adren Pla\u00adnung haben uns die Wald\u00adsch\u00fct\u00adzen Unter\u00ads\u00adtepp\u00adach [&hellip;]\" \/>\n<meta property=\"og:url\" content=\"https:\/\/eichenlaub-haunwang.de\/index.php\/event\/100-jaehr-gruendungsfest-waldschuetzen-untersteppach\/\" \/>\n<meta property=\"og:site_name\" content=\"Eichenlaub Haunwang\" \/>\n<meta property=\"article:modified_time\" content=\"2024-07-19T19:37:23+00:00\" \/>\n<meta property=\"og:image\" content=\"https:\/\/eichenlaub-haunwang.de\/wp-content\/uploads\/2023\/12\/wappen_ev_transparent1.png\" \/>\n\t<meta property=\"og:image:width\" content=\"902\" \/>\n\t<meta property=\"og:image:height\" content=\"1023\" \/>\n\t<meta property=\"og:image:type\" content=\"image\/png\" \/>\n<meta name=\"twitter:card\" content=\"summary_large_image\" \/>\n<meta name=\"twitter:label1\" content=\"Gesch\u00e4tzte Lesezeit\" \/>\n\t<meta name=\"twitter:data1\" content=\"1\u00a0Minute\" \/>\n<script type=\"application\/ld+json\" class=\"yoast-schema-graph\">{\"@context\":\"https:\\\/\\\/schema.org\",\"@graph\":[{\"@type\":\"WebPage\",\"@id\":\"https:\\\/\\\/eichenlaub-haunwang.de\\\/index.php\\\/event\\\/100-jaehr-gruendungsfest-waldschuetzen-untersteppach\\\/\",\"url\":\"https:\\\/\\\/eichenlaub-haunwang.de\\\/index.php\\\/event\\\/100-jaehr-gruendungsfest-waldschuetzen-untersteppach\\\/\",\"name\":\"100 j\u00e4hr. Gr\u00fcndungsfest Waldsch\u00fctzen Untersteppach - Eichenlaub Haunwang\",\"isPartOf\":{\"@id\":\"https:\\\/\\\/eichenlaub-haunwang.de\\\/#website\"},\"primaryImageOfPage\":{\"@id\":\"https:\\\/\\\/eichenlaub-haunwang.de\\\/index.php\\\/event\\\/100-jaehr-gruendungsfest-waldschuetzen-untersteppach\\\/#primaryimage\"},\"image\":{\"@id\":\"https:\\\/\\\/eichenlaub-haunwang.de\\\/index.php\\\/event\\\/100-jaehr-gruendungsfest-waldschuetzen-untersteppach\\\/#primaryimage\"},\"thumbnailUrl\":\"https:\\\/\\\/eichenlaub-haunwang.de\\\/wp-content\\\/uploads\\\/2023\\\/12\\\/wappen_ev_transparent1.png\",\"datePublished\":\"2023-12-31T15:47:16+00:00\",\"dateModified\":\"2024-07-19T19:37:23+00:00\",\"breadcrumb\":{\"@id\":\"https:\\\/\\\/eichenlaub-haunwang.de\\\/index.php\\\/event\\\/100-jaehr-gruendungsfest-waldschuetzen-untersteppach\\\/#breadcrumb\"},\"inLanguage\":\"de\",\"potentialAction\":[{\"@type\":\"ReadAction\",\"target\":[\"https:\\\/\\\/eichenlaub-haunwang.de\\\/index.php\\\/event\\\/100-jaehr-gruendungsfest-waldschuetzen-untersteppach\\\/\"]}]},{\"@type\":\"ImageObject\",\"inLanguage\":\"de\",\"@id\":\"https:\\\/\\\/eichenlaub-haunwang.de\\\/index.php\\\/event\\\/100-jaehr-gruendungsfest-waldschuetzen-untersteppach\\\/#primaryimage\",\"url\":\"https:\\\/\\\/eichenlaub-haunwang.de\\\/wp-content\\\/uploads\\\/2023\\\/12\\\/wappen_ev_transparent1.png\",\"contentUrl\":\"https:\\\/\\\/eichenlaub-haunwang.de\\\/wp-content\\\/uploads\\\/2023\\\/12\\\/wappen_ev_transparent1.png\",\"width\":902,\"height\":1023},{\"@type\":\"BreadcrumbList\",\"@id\":\"https:\\\/\\\/eichenlaub-haunwang.de\\\/index.php\\\/event\\\/100-jaehr-gruendungsfest-waldschuetzen-untersteppach\\\/#breadcrumb\",\"itemListElement\":[{\"@type\":\"ListItem\",\"position\":1,\"name\":\"Startseite\",\"item\":\"https:\\\/\\\/eichenlaub-haunwang.de\\\/\"},{\"@type\":\"ListItem\",\"position\":2,\"name\":\"Veranstaltungen\",\"item\":\"https:\\\/\\\/eichenlaub-haunwang.de\\\/index.php\\\/events\\\/\"},{\"@type\":\"ListItem\",\"position\":3,\"name\":\"100 j\u00e4hr. Gr\u00fcndungsfest Waldsch\u00fctzen Untersteppach\"}]},{\"@type\":\"WebSite\",\"@id\":\"https:\\\/\\\/eichenlaub-haunwang.de\\\/#website\",\"url\":\"https:\\\/\\\/eichenlaub-haunwang.de\\\/\",\"name\":\"Eichenlaub Haunwang\",\"description\":\"gegr. 1950\",\"publisher\":{\"@id\":\"https:\\\/\\\/eichenlaub-haunwang.de\\\/#organization\"},\"potentialAction\":[{\"@type\":\"SearchAction\",\"target\":{\"@type\":\"EntryPoint\",\"urlTemplate\":\"https:\\\/\\\/eichenlaub-haunwang.de\\\/?s={search_term_string}\"},\"query-input\":{\"@type\":\"PropertyValueSpecification\",\"valueRequired\":true,\"valueName\":\"search_term_string\"}}],\"inLanguage\":\"de\"},{\"@type\":\"Organization\",\"@id\":\"https:\\\/\\\/eichenlaub-haunwang.de\\\/#organization\",\"name\":\"Eichenlaub Haunwang\",\"url\":\"https:\\\/\\\/eichenlaub-haunwang.de\\\/\",\"logo\":{\"@type\":\"ImageObject\",\"inLanguage\":\"de\",\"@id\":\"https:\\\/\\\/eichenlaub-haunwang.de\\\/#\\\/schema\\\/logo\\\/image\\\/\",\"url\":\"https:\\\/\\\/eichenlaub-haunwang.de\\\/wp-content\\\/uploads\\\/media\\\/template\\\/cropped-eh-wappen-aussen_transparent_small.png\",\"contentUrl\":\"https:\\\/\\\/eichenlaub-haunwang.de\\\/wp-content\\\/uploads\\\/media\\\/template\\\/cropped-eh-wappen-aussen_transparent_small.png\",\"width\":514,\"height\":554,\"caption\":\"Eichenlaub Haunwang\"},\"image\":{\"@id\":\"https:\\\/\\\/eichenlaub-haunwang.de\\\/#\\\/schema\\\/logo\\\/image\\\/\"}}]}<\/script>\n<!-- \/ Yoast SEO plugin. -->","yoast_head_json":{"title":"100 j\u00e4hr. Gr\u00fcndungsfest Waldsch\u00fctzen Untersteppach - Eichenlaub Haunwang","robots":{"index":"index","follow":"follow","max-snippet":"max-snippet:-1","max-image-preview":"max-image-preview:large","max-video-preview":"max-video-preview:-1"},"canonical":"https:\/\/eichenlaub-haunwang.de\/index.php\/event\/100-jaehr-gruendungsfest-waldschuetzen-untersteppach\/","og_locale":"de_DE","og_type":"article","og_title":"100 j\u00e4hr. Gr\u00fcndungsfest Waldsch\u00fctzen Untersteppach - Eichenlaub Haunwang","og_description":"Ach\u00adtung! Teil\u00adnah\u00adme muss\u00adte lei\u00adder abge\u00adsagt wer\u00adden \u2014 wir neh\u00admen nicht teil. wir neh\u00admen am 100 j\u00e4h\u00adri\u00adgen Gr\u00fcn\u00addungs\u00adfest der Wald\u00adsch\u00fct\u00adzen Unter\u00ads\u00adtepp\u00adach teil.Infos: https:\/\/waldschuetzenuntersteppach.de\/ Zur bes\u00adse\u00adren Pla\u00adnung haben uns die Wald\u00adsch\u00fct\u00adzen Unter\u00ads\u00adtepp\u00adach [&hellip;]","og_url":"https:\/\/eichenlaub-haunwang.de\/index.php\/event\/100-jaehr-gruendungsfest-waldschuetzen-untersteppach\/","og_site_name":"Eichenlaub Haunwang","article_modified_time":"2024-07-19T19:37:23+00:00","og_image":[{"width":902,"height":1023,"url":"https:\/\/eichenlaub-haunwang.de\/wp-content\/uploads\/2023\/12\/wappen_ev_transparent1.png","type":"image\/png"}],"twitter_card":"summary_large_image","twitter_misc":{"Gesch\u00e4tzte Lesezeit":"1\u00a0Minute"},"schema":{"@context":"https:\/\/schema.org","@graph":[{"@type":"WebPage","@id":"https:\/\/eichenlaub-haunwang.de\/index.php\/event\/100-jaehr-gruendungsfest-waldschuetzen-untersteppach\/","url":"https:\/\/eichenlaub-haunwang.de\/index.php\/event\/100-jaehr-gruendungsfest-waldschuetzen-untersteppach\/","name":"100 j\u00e4hr. Gr\u00fcndungsfest Waldsch\u00fctzen Untersteppach - Eichenlaub Haunwang","isPartOf":{"@id":"https:\/\/eichenlaub-haunwang.de\/#website"},"primaryImageOfPage":{"@id":"https:\/\/eichenlaub-haunwang.de\/index.php\/event\/100-jaehr-gruendungsfest-waldschuetzen-untersteppach\/#primaryimage"},"image":{"@id":"https:\/\/eichenlaub-haunwang.de\/index.php\/event\/100-jaehr-gruendungsfest-waldschuetzen-untersteppach\/#primaryimage"},"thumbnailUrl":"https:\/\/eichenlaub-haunwang.de\/wp-content\/uploads\/2023\/12\/wappen_ev_transparent1.png","datePublished":"2023-12-31T15:47:16+00:00","dateModified":"2024-07-19T19:37:23+00:00","breadcrumb":{"@id":"https:\/\/eichenlaub-haunwang.de\/index.php\/event\/100-jaehr-gruendungsfest-waldschuetzen-untersteppach\/#breadcrumb"},"inLanguage":"de","potentialAction":[{"@type":"ReadAction","target":["https:\/\/eichenlaub-haunwang.de\/index.php\/event\/100-jaehr-gruendungsfest-waldschuetzen-untersteppach\/"]}]},{"@type":"ImageObject","inLanguage":"de","@id":"https:\/\/eichenlaub-haunwang.de\/index.php\/event\/100-jaehr-gruendungsfest-waldschuetzen-untersteppach\/#primaryimage","url":"https:\/\/eichenlaub-haunwang.de\/wp-content\/uploads\/2023\/12\/wappen_ev_transparent1.png","contentUrl":"https:\/\/eichenlaub-haunwang.de\/wp-content\/uploads\/2023\/12\/wappen_ev_transparent1.png","width":902,"height":1023},{"@type":"BreadcrumbList","@id":"https:\/\/eichenlaub-haunwang.de\/index.php\/event\/100-jaehr-gruendungsfest-waldschuetzen-untersteppach\/#breadcrumb","itemListElement":[{"@type":"ListItem","position":1,"name":"Startseite","item":"https:\/\/eichenlaub-haunwang.de\/"},{"@type":"ListItem","position":2,"name":"Veranstaltungen","item":"https:\/\/eichenlaub-haunwang.de\/index.php\/events\/"},{"@type":"ListItem","position":3,"name":"100 j\u00e4hr. Gr\u00fcndungsfest Waldsch\u00fctzen Untersteppach"}]},{"@type":"WebSite","@id":"https:\/\/eichenlaub-haunwang.de\/#website","url":"https:\/\/eichenlaub-haunwang.de\/","name":"Eichenlaub Haunwang","description":"gegr. 1950","publisher":{"@id":"https:\/\/eichenlaub-haunwang.de\/#organization"},"potentialAction":[{"@type":"SearchAction","target":{"@type":"EntryPoint","urlTemplate":"https:\/\/eichenlaub-haunwang.de\/?s={search_term_string}"},"query-input":{"@type":"PropertyValueSpecification","valueRequired":true,"valueName":"search_term_string"}}],"inLanguage":"de"},{"@type":"Organization","@id":"https:\/\/eichenlaub-haunwang.de\/#organization","name":"Eichenlaub Haunwang","url":"https:\/\/eichenlaub-haunwang.de\/","logo":{"@type":"ImageObject","inLanguage":"de","@id":"https:\/\/eichenlaub-haunwang.de\/#\/schema\/logo\/image\/","url":"https:\/\/eichenlaub-haunwang.de\/wp-content\/uploads\/media\/template\/cropped-eh-wappen-aussen_transparent_small.png","contentUrl":"https:\/\/eichenlaub-haunwang.de\/wp-content\/uploads\/media\/template\/cropped-eh-wappen-aussen_transparent_small.png","width":514,"height":554,"caption":"Eichenlaub Haunwang"},"image":{"@id":"https:\/\/eichenlaub-haunwang.de\/#\/schema\/logo\/image\/"}}]}},"_links":{"self":[{"href":"https:\/\/eichenlaub-haunwang.de\/index.php\/wp-json\/wp\/v2\/tribe_events\/495","targetHints":{"allow":["GET"]}}],"collection":[{"href":"https:\/\/eichenlaub-haunwang.de\/index.php\/wp-json\/wp\/v2\/tribe_events"}],"about":[{"href":"https:\/\/eichenlaub-haunwang.de\/index.php\/wp-json\/wp\/v2\/types\/tribe_events"}],"author":[{"embeddable":true,"href":"https:\/\/eichenlaub-haunwang.de\/index.php\/wp-json\/wp\/v2\/users\/1"}],"version-history":[{"count":5,"href":"https:\/\/eichenlaub-haunwang.de\/index.php\/wp-json\/wp\/v2\/tribe_events\/495\/revisions"}],"predecessor-version":[{"id":1101,"href":"https:\/\/eichenlaub-haunwang.de\/index.php\/wp-json\/wp\/v2\/tribe_events\/495\/revisions\/1101"}],"wp:featuredmedia":[{"embeddable":true,"href":"https:\/\/eichenlaub-haunwang.de\/index.php\/wp-json\/wp\/v2\/media\/496"}],"wp:attachment":[{"href":"https:\/\/eichenlaub-haunwang.de\/index.php\/wp-json\/wp\/v2\/media?parent=495"}],"wp:term":[{"taxonomy":"post_tag","embeddable":true,"href":"https:\/\/eichenlaub-haunwang.de\/index.php\/wp-json\/wp\/v2\/tags?post=495"},{"taxonomy":"tribe_events_cat","embeddable":true,"href":"https:\/\/eichenlaub-haunwang.de\/index.php\/wp-json\/wp\/v2\/tribe_events_cat?post=495"}],"curies":[{"name":"wp","href":"https:\/\/api.w.org\/{rel}","templated":true}]}}