{"id":694,"date":"2024-03-23T14:57:43","date_gmt":"2024-03-23T13:57:43","guid":{"rendered":"https:\/\/eichenlaub-haunwang.de\/?post_type=tribe_events&#038;p=694"},"modified":"2024-08-13T17:14:49","modified_gmt":"2024-08-13T15:14:49","slug":"oktoberfest-landesschiessen-2024","status":"publish","type":"tribe_events","link":"https:\/\/eichenlaub-haunwang.de\/index.php\/event\/oktoberfest-landesschiessen-2024\/","title":{"rendered":"[Abgesagt] Oktoberfest-Landesschie\u00dfen 2024"},"content":{"rendered":"<div class=\"tribe-events-schedule tribe-clearfix\">\n\t<p class=\"tribe-events-schedule__datetime\">\n\t\t<span class=\"tribe-events-schedule__date tribe-events-schedule__date--start\">\n\t\t\t3. Okto\u00adber 2024\t\t<\/span>\n\n\t\t\t\t\t<span class=\"tribe-events-schedule__separator tribe-events-schedule__separator--date\">\n\t\t\t\t @ \t\t\t<\/span>\n\t\t\t<span class=\"tribe-events-schedule__time tribe-events-schedule__time--start\">\n\t\t\t\t11:00\t\t\t<\/span>\n\t\t\n\t\t\t\t\t\t\t\t\t<span class=\"tribe-events-schedule__separator tribe-events-schedule__separator--time\">\n\t\t\t\t\t \u2014 \t\t\t\t<\/span>\n\t\t\t\n\t\t\t\t\t\t\t<span class=\"tribe-events-schedule__time tribe-events-schedule__time--end\">\n\t\t\t\t\t17:30\t\t\t\t<\/span>\n\t\t\t\n\t\t\t\t\t\t<\/p>\n<\/div>\n\n\n\n<p><strong>Update: Auf\u00adgrund einer zu gerin\u00adgen Teil\u00adneh\u00admer\u00adzahl m\u00fcs\u00adsen wir den Ter\u00admin am lei\u00adder absa\u00adgen.<\/strong><\/p>\n\n\n\n<p>die Eichen\u00adlaub\u00adsch\u00fct\u00adzen Haun\u00adwang fah\u00adren zum&nbsp; Okto\u00adber\u00adfest Lan\u00addes\u00adschies\u00adsen 2024. Das&nbsp;gr\u00f6\u00df\u00adte Volks\u00adfest der Welt und ein span\u00adnen\u00adder Wett\u00adbe\u00adwerb mit tol\u00adlen Prei\u00adsen war\u00adtet auf Dich \u2014 sei dabei!<\/p>\n\n\n\n<p>Am&nbsp;<strong>03.10.2024<\/strong>&nbsp;hei\u00dft es \u201cAb auf die The\u00adre\u00adsi\u00aden\u00adwie\u00adse!\u201d beim Okto\u00adber\u00adfest-Lan\u00addes\u00adschie\u00ad\u00dfen 2024.&nbsp;<\/p>\n\n\n\n<p>Wir fah\u00adren vor\u00adaus\u00adsicht\u00adlich mit dem Bus zum Fest\u00adge\u00adl\u00e4n\u00adde, (anders wirds auch mit der sport\u00adli\u00adchen Aus\u00adr\u00fcs\u00adtung schwie\u00adrig).<\/p>\n\n\n\n<p>Details dazu fol\u00adgen in K\u00fcr\u00adze.<\/p>\n\n\n\n<p>Sichert euch jetzt einen der 20 reser\u00advier\u00adten Pl\u00e4t\u00adze im Sch\u00fct\u00adzen\u00adzelt,&nbsp;wobei wir sicher auch mit mehr anrei\u00adsen k\u00f6n\u00adnen es gibt halt dann nicht f\u00fcr alle einen garan\u00adtier\u00adten Sitz\u00adplatz !<\/p>\n\n\n\n<p>Exklu\u00adsiv f\u00fcr uns ste\u00adhen von <strong>11:00 bis 17:30 Uhr 20 Pl\u00e4t\u00adze auf der Gale\u00adrie-Ost im Sch\u00fct\u00adzen\u00adzelt<\/strong> zur Ver\u00adf\u00fc\u00adgung.&nbsp;<\/p>\n\n\n\n<p>Um die Reser\u00advie\u00adrung wahr\u00adneh\u00admen zu k\u00f6n\u00adnen, ben\u00f6\u00adti\u00adgen wir aller\u00addings min\u00addes\u00adtens 10 Teil\u00adneh\u00admer beim Okto\u00adber\u00adfest Lan\u00addes\u00adschie\u00ad\u00dfen.<\/p>\n\n\n\n<p>Beim Okto\u00adber\u00adfest-Lan\u00addes\u00adschie\u00ad\u00dfen k\u00f6nnt ihr eure Treff\u00adsi\u00adcher\u00adheit unter Beweis stel\u00adlen.&nbsp;Geschos\u00adsen wird mit Luft\u00adge\u00adwehr und Auf\u00adla\u00adge. Die Dis\u00adzi\u00adpli\u00adnen und Wer\u00adtungs\u00adklas\u00adsen wer\u00adden in K\u00fcr\u00adze bekannt\u00adge\u00adge\u00adben.<\/p>\n\n\n\n<p>Das Okto\u00adber\u00adfest-Lan\u00addes\u00adschie\u00ad\u00dfen ist etwas ganz Beson\u00adde\u00adres. Die Mischung aus einer Meis\u00adter\u00adschaft und einem Preis\u00adschie\u00ad\u00dfen macht das 1896 erst\u00admals aus\u00adge\u00adtra\u00adge\u00adne Frei\u00adschie\u00ad\u00dfen zum wohl belieb\u00adtes\u00adten Bun\u00addes- bzw. Ver\u00adbands\u00adschie\u00ad\u00dfen. Es geht um viel: Geld- und Sach\u00adprei\u00adse im Gesamt\u00adwert von \u00fcber 70.000,- Euro gibt es zu gewin\u00adnen. Aber der wert\u00advolls\u00adte Preis ist mit Geld nicht auf\u00adzu\u00adwie\u00adgen. Denn beim Okto\u00adber\u00adfest-Lan\u00addes\u00adschie\u00ad\u00dfen wer\u00adden auch die Lan\u00addes\u00adsch\u00fct\u00adzen\u00adk\u00f6\u00adni\u00adge ermit\u00adtelt. Tra\u00addi\u00adtio\u00adnell ste\u00adhen die Pro\u00adkla\u00adma\u00adti\u00adon und die anschlie\u00ad\u00dfen\u00adde Vor\u00adstel\u00adlung am Ende der Wiesn und beschlie\u00ad\u00dfen das gr\u00f6\u00df\u00adte Volks\u00adfest der Welt. Im Jahr 2022 wur\u00adde das Okto\u00adber\u00adfest-Lan\u00addes\u00adschie\u00ad\u00dfen zusam\u00admen mit dem Okto\u00adber\u00adfest-Arm\u00adbrust-Lan\u00addes\u00adschie\u00ad\u00dfen per Minis\u00adter\u00adrats\u00adbe\u00adschluss in das Lan\u00addes\u00adver\u00adzeich\u00adnis \u201cImma\u00adte\u00adri\u00adel\u00adles Kul\u00adtur\u00ader\u00adbe Bay\u00adern\u201d auf\u00adge\u00adnom\u00admen.<\/p>\n\n\n\n<p>Alle Details zum Ablauf, den Dis\u00adzi\u00adpli\u00adnen und der wei\u00adte\u00adren Anmel\u00addung erhal\u00adtet ihr in K\u00fcr\u00adze.&nbsp;<\/p>\n\n\n\n<p>Seid gespannt und mel\u00addet euch recht\u00adzei\u00adtig an, um bei die\u00adsem beson\u00adde\u00adren Event dabei zu sein!<\/p>\n\n\n\n<p>Vie\u00adle Gr\u00fc\u00ad\u00dfe,<br>das Sch\u00fct\u00adzen\u00admeis\u00adter\u00adamt<\/p>\n\n\n\n<p>Anmel\u00addung bit\u00adte per Web For\u00admu\u00adlar bis sp\u00e4\u00adtes\u00adtens 15.08.2024:<\/p>\n\n\n<div class=\"tribe-block tribe-block__event-price\">\n\t\t<\/div>\n\n\n<div class=\"tribe-block tribe-block__organizer__details tribe-clearfix\">\n\t<div class=\"tribe-block__organizer__title\">\n\t\t<h3>Bayerischer Sportsch\u00fctzenbund e. V.<\/h3>\n\t<\/div>\n\t\t\t<p class=\"tribe-block__organizer__phone\">089 \u2014&nbsp;31 69 49&nbsp;\u2014 0<\/p>\n\t\t\t\t<p class=\"tribe-block__organizer__website\"><a href=\"https:\/\/www.bssb.de\" target=\"_blank\" rel=\"noopener noreferrer\">Ver\u00adan\u00adstal\u00adter-Web\u00adsite anzei\u00adgen<\/a><\/p>\n\t\t\t\t<p class=\"tribe-block__organizer__email\">gs@bssb.bayern<\/p>\n\t<\/div>\n\n\n<div class=\"tribe-block tribe-block__venue tribe-clearfix tribe-block__venue--has-map\">\n\t\n\t\n<div class=\"tribe-block__venue__meta\">\n\t<div class=\"tribe-block__venue__name\">\n\t\t<h3>Theresienwiese M\u00fcnchen<\/h3>\n\t<\/div>\n\n\t\n\t\t\t\t\t\t<address class=\"tribe-block__venue__address\">\n\t\t\t\t<span class=\"tribe-address\">\n\n<span class=\"tribe-street-address\">The\u00adre\u00adsi\u00aden\u00adwie\u00adse<\/span>\n\t\n\t\t<br>\n\t\t<span class=\"tribe-locality\">M\u00fcn\u00adchen<\/span><span class=\"tribe-delimiter\">,<\/span>\n\n\t<abbr class=\"tribe-region tribe-events-abbr\" title=\"Bayern\">Bay\u00adern<\/abbr>\n\n\t<span class=\"tribe-postal-code\">80336<\/span>\n\n\t<span class=\"tribe-country-name\">Deutsch\u00adland<\/span>\n\n<\/span>\n\n\t\t\t\t\t\t\t\t\t<a class=\"tribe-events-gmap\" href=\"https:\/\/maps.google.com\/maps?f=q&amp;source=s_q&amp;hl=en&amp;geocode=&amp;q=Theresienwiese+M%C3%BCnchen+Bayern+80336+Deutschland\" title=\"Klicken, um Google Karte anzuzeigen\" target=\"_blank\" rel=\"noreferrer noopener\">Goog\u00adle Kar\u00adte anzei\u00adgen<\/a>\t\t\t\t\t\t\t<\/address>\n\t\t\n\t\t\n\t\t\t\n\t<\/div>\n\t\n<div class=\"tribe-block__venue__map\">\n\t\n<iframe loading=\"lazy\" title=\"Iframe von Google Maps, der die Adresse von Theresienwiese M\u00fcnchen anzeigt\" aria-label=\"Karte des Veranstaltungsortes\" width=\"310px\" height=\"256px\" frameborder=\"0\" style=\"border:0\" src=\"https:\/\/www.google.com\/maps\/embed\/v1\/place?key=AIzaSyDNsicAsP6-VuGtAb1O9riI3oc_NOb7IOU&amp;q=Theresienwiese+M%C3%BCnchen+Bayern+80336+Deutschland+&amp;zoom=15\" allowfullscreen>\n<\/iframe>\n<\/div>\n\n\t<\/div>\n\n\n\n\n\t<div class=\"tribe-block tribe-block__events-link\">\n\t\t<div class=\"tribe-events tribe-common\">\n\t\t\t<div class=\"tribe-events-c-subscribe-dropdown__container\">\n\t\t\t\t<div class=\"tribe-events-c-subscribe-dropdown\">\n\t\t\t\t\t<div class=\"tribe-common-c-btn-border tribe-events-c-subscribe-dropdown__button\">\n\t\t\t\t\t\t<svg class=\"tribe-common-c-svgicon tribe-common-c-svgicon--cal-export tribe-events-c-subscribe-dropdown__export-icon\" aria-hidden=\"true\" viewBox=\"0 0 23 17\">\n\t<path fill-rule=\"evenodd\" clip-rule=\"evenodd\" d=\"M.128.896V16.13c0 .211.145.383.323.383h15.354c.179 0 .323-.172.323-.383V.896c0-.212-.144-.383-.323-.383H.451C.273.513.128.684.128.896Zm16 6.742h-.901V4.679H1.009v10.729h14.218v-3.336h.901V7.638ZM1.01 1.614h14.218v2.058H1.009V1.614Z\" \/>\n\t<path d=\"M20.5 9.846H8.312M18.524 6.953l2.89 2.909-2.855 2.855\" stroke-width=\"1.2\" stroke-linecap=\"round\" stroke-linejoin=\"round\" \/>\n<\/svg>\n\t\t\t\t\t\t<button class=\"tribe-events-c-subscribe-dropdown__button-text\" aria-expanded=\"false\" aria-controls=\"tribe-events-subscribe-dropdown-content\" aria-label=\"Zeige Links an um Veranstaltungen zu deinem Kalender hinzuzuf\u00fcgen\">\n\t\t\t\t\t\t\tZum Kalender hinzuf\u00fcgen\t\t\t\t\t\t<\/button>\n\t\t\t\t\t\t<svg class=\"tribe-common-c-svgicon tribe-common-c-svgicon--caret-down tribe-events-c-subscribe-dropdown__button-icon\" aria-hidden=\"true\" viewBox=\"0 0 10 7\">\n\t<path fill-rule=\"evenodd\" clip-rule=\"evenodd\" d=\"M1.008.609L5 4.6 8.992.61l.958.958L5 6.517.05 1.566l.958-.958z\" class=\"tribe-common-c-svgicon__svg-fill\" \/>\n<\/svg>\n\t\t\t\t\t<\/div>\n\t\t\t\t\t<div id=\"tribe-events-subscribe-dropdown-content\" class=\"tribe-events-c-subscribe-dropdown__content\">\n\t\t\t\t\t\t<ul class=\"tribe-events-c-subscribe-dropdown__list\">\n\t\t\t\t\t\t\t\t\t\t\t\t\t\t\t<li class=\"tribe-events-c-subscribe-dropdown__list-item tribe-events-c-subscribe-dropdown__list-item--gcal\">\n\t\t\t\t\t\t\t\t\t<a href=\"https:\/\/www.google.com\/calendar\/event?action=TEMPLATE&amp;dates=20241003T110000\/20241003T173000&amp;text=%5BAbgesagt%5D%20Oktoberfest-Landesschie%C3%9Fen%202024&amp;details=%3Cp%3E%3Cstrong%3EUpdate%3A+Aufgrund+einer+zu+geringen+Teilnehmerzahl+m%C3%BCssen+wir+den+Termin+am+leider+absagen.%3C%2Fstrong%3E%3C%2Fp%3E+%3Cp%3Edie+Eichenlaubsch%C3%BCtzen+Haunwang+fahren+zum%26nbsp%3B+Oktoberfest+Landesschiessen+2024.+Das%26nbsp%3Bgr%C3%B6%C3%9Fte+Volksfest+der+Welt+und+ein+spannender+Wettbewerb+mit+tollen+Preisen+wartet+auf+Dich+-+sei+dabei%21%3C%2Fp%3E+%3Cp%3EAm%26nbsp%3B%3Cstrong%3E03.10.2024%3C%2Fstrong%3E%26nbsp%3Bhei%C3%9Ft+es+%22Ab+auf+die+Theresienwiese%21%22+beim+Oktoberfest-Landesschie%C3%9Fen+2024.%26nbsp%3B%3C%2Fp%3E+%3Cp%3EWir+fahren+voraussichtlich+mit+dem+Bus+zum+Festgel%C3%A4nde%2C+%28anders+wirds+auch+mit+der+sportlichen+Ausr%C3%BCstung+schwierig%29.%3C%2Fp%3E+%3Cp%3EDetails+dazu+folgen+in+K%C3%BCrze.%3C%2Fp%3E+%3Cp%3ESichert+euch+jetzt+einen+der+20+reservierten+Pl%C3%A4tze+im+Sch%C3%BCtzenzelt%2C%26nbsp%3Bwobei+wir+sicher+auch+mit+mehr+anreisen+k%C3%B6nnen+es+gibt+halt+dann+nicht+f%C3%BCr+alle+einen+garantierten+Sitzplatz+%21%3C%2Fp%3E+%3Cp%3EExklusiv+f%C3%BCr+uns+stehen+von+%3Cstrong%3E11%3A00+bis+17%3A30+Uhr+20+Pl%C3%A4tze+auf+der+Galerie-Ost+im+Sch%C3%BCtzenzelt%3C%2Fstrong%3E+zur+Verf%C3%BCgung.%26nbsp%3B%3C%2Fp%3E+%3Cp%3EUm+d%3C%2Fp%3E+%28Zeige+vollst%C3%A4ndige+Veranstaltung-Beschreibung+hier+an%3A+https%3A%2F%2Feichenlaub-haunwang.de%2Findex.php%2Fevent%2Foktoberfest-landesschiessen-2024%2F%29&amp;location=Theresienwiese%20M\u00fcnchen,%20Theresienwiese,%20M\u00fcnchen,%20Bayern,%2080336,%20Deutschland&amp;trp=false&amp;ctz=Europe\/Berlin&amp;sprop=website:https:\/\/eichenlaub-haunwang.de\" class=\"tribe-events-c-subscribe-dropdown__list-item-link\" target=\"_blank\" rel=\"noopener noreferrer nofollow noindex\">\n\t\t\t\t\t\t\t\t\t\tGoog\u00adle Kalen\u00adder\t\t\t\t\t\t\t\t\t<\/a>\n\t\t\t\t\t\t\t\t<\/li>\n\t\t\t\t\t\t\t\t\t\t\t\t\t\t\t<li class=\"tribe-events-c-subscribe-dropdown__list-item tribe-events-c-subscribe-dropdown__list-item--ical\">\n\t\t\t\t\t\t\t\t\t<a href class=\"tribe-events-c-subscribe-dropdown__list-item-link\" target=\"_blank\" rel=\"noopener noreferrer nofollow noindex\">\n\t\t\t\t\t\t\t\t\t\tiCal\u00aden\u00addar\t\t\t\t\t\t\t\t\t<\/a>\n\t\t\t\t\t\t\t\t<\/li>\n\t\t\t\t\t\t\t\t\t\t\t\t\t\t\t<li class=\"tribe-events-c-subscribe-dropdown__list-item tribe-events-c-subscribe-dropdown__list-item--outlook-365\">\n\t\t\t\t\t\t\t\t\t<a href class=\"tribe-events-c-subscribe-dropdown__list-item-link\" target=\"_blank\" rel=\"noopener noreferrer nofollow noindex\">\n\t\t\t\t\t\t\t\t\t\tOut\u00adlook 365\t\t\t\t\t\t\t\t\t<\/a>\n\t\t\t\t\t\t\t\t<\/li>\n\t\t\t\t\t\t\t\t\t\t\t\t\t\t\t<li class=\"tribe-events-c-subscribe-dropdown__list-item tribe-events-c-subscribe-dropdown__list-item--outlook-live\">\n\t\t\t\t\t\t\t\t\t<a href class=\"tribe-events-c-subscribe-dropdown__list-item-link\" target=\"_blank\" rel=\"noopener noreferrer nofollow noindex\">\n\t\t\t\t\t\t\t\t\t\tOut\u00adlook Live\t\t\t\t\t\t\t\t\t<\/a>\n\t\t\t\t\t\t\t\t<\/li>\n\t\t\t\t\t\t\t\t\t\t\t\t\t<\/ul>\n\t\t\t\t\t<\/div>\n\t\t\t\t<\/div>\n\t\t\t<\/div>\n\t\t<\/div>\n\t<\/div>\n\n","protected":false},"excerpt":{"rendered":"<p>Update: Auf\u00adgrund einer zu gerin\u00adgen Teil\u00adneh\u00admer\u00adzahl m\u00fcs\u00adsen wir den Ter\u00admin am lei\u00adder absa\u00adgen. die Eichen\u00adlaub\u00adsch\u00fct\u00adzen Haun\u00adwang fah\u00adren zum&nbsp; Okto\u00adber\u00adfest Lan\u00addes\u00adschies\u00adsen 2024. Das&nbsp;gr\u00f6\u00df\u00adte Volks\u00adfest der Welt und ein span\u00adnen\u00adder Wett\u00adbe\u00adwerb mit [\u2026]<\/p>\n","protected":false},"author":1,"featured_media":0,"template":"","meta":{"_lmt_disableupdate":"","_lmt_disable":"","wp_typography_post_enhancements_disabled":false,"_EventAllDay":false,"_EventTimezone":"Europe\/Berlin","_EventStartDate":"2024-10-03 11:00:00","_EventEndDate":"2024-10-03 17:30:00","_EventStartDateUTC":"2024-10-03 09:00:00","_EventEndDateUTC":"2024-10-03 15:30:00","_EventShowMap":false,"_EventShowMapLink":false,"_EventURL":"","_EventCost":"","_EventCostDescription":"","_EventCurrencySymbol":"\u20ac","_EventCurrencyCode":"EUR","_EventCurrencyPosition":"prefix","_EventDateTimeSeparator":" @ ","_EventTimeRangeSeparator":" - ","_EventOrganizerID":[696],"_EventVenueID":[691],"_OrganizerEmail":"","_OrganizerPhone":"","_OrganizerWebsite":"","_VenueAddress":"","_VenueCity":"","_VenueCountry":"","_VenueProvince":"","_VenueState":"","_VenueZip":"","_VenuePhone":"","_VenueURL":"","_VenueStateProvince":"","_VenueLat":"","_VenueLng":"","_VenueShowMap":false,"_VenueShowMapLink":false,"_tribe_events_status":"","_tribe_events_status_reason":"","footnotes":""},"tags":[],"tribe_events_cat":[4],"class_list":{"0":"post-694","1":"tribe_events","2":"type-tribe_events","3":"status-publish","5":"tribe_events_cat-allgemein","6":"cat_allgemein","7":"czr-hentry"},"yoast_head":"<!-- This site is optimized with the Yoast SEO plugin v27.4 - https:\/\/yoast.com\/product\/yoast-seo-wordpress\/ -->\n<title>[Abgesagt] Oktoberfest-Landesschie\u00dfen 2024 - Eichenlaub Haunwang<\/title>\n<meta name=\"robots\" content=\"index, follow, max-snippet:-1, max-image-preview:large, max-video-preview:-1\" \/>\n<link rel=\"canonical\" href=\"https:\/\/eichenlaub-haunwang.de\/index.php\/event\/oktoberfest-landesschiessen-2024\/\" \/>\n<meta property=\"og:locale\" content=\"de_DE\" \/>\n<meta property=\"og:type\" content=\"article\" \/>\n<meta property=\"og:title\" content=\"[Abgesagt] Oktoberfest-Landesschie\u00dfen 2024 - Eichenlaub Haunwang\" \/>\n<meta property=\"og:description\" content=\"Update: Auf\u00adgrund einer zu gerin\u00adgen Teil\u00adneh\u00admer\u00adzahl m\u00fcs\u00adsen wir den Ter\u00admin am lei\u00adder absa\u00adgen. die Eichen\u00adlaub\u00adsch\u00fct\u00adzen Haun\u00adwang fah\u00adren zum&nbsp; Okto\u00adber\u00adfest Lan\u00addes\u00adschies\u00adsen 2024. Das&nbsp;gr\u00f6\u00df\u00adte Volks\u00adfest der Welt und ein span\u00adnen\u00adder Wett\u00adbe\u00adwerb mit [&hellip;]\" \/>\n<meta property=\"og:url\" content=\"https:\/\/eichenlaub-haunwang.de\/index.php\/event\/oktoberfest-landesschiessen-2024\/\" \/>\n<meta property=\"og:site_name\" content=\"Eichenlaub Haunwang\" \/>\n<meta property=\"article:modified_time\" content=\"2024-08-13T15:14:49+00:00\" \/>\n<meta name=\"twitter:card\" content=\"summary_large_image\" \/>\n<meta name=\"twitter:label1\" content=\"Gesch\u00e4tzte Lesezeit\" \/>\n\t<meta name=\"twitter:data1\" content=\"2\u00a0Minuten\" \/>\n<script type=\"application\/ld+json\" class=\"yoast-schema-graph\">{\"@context\":\"https:\\\/\\\/schema.org\",\"@graph\":[{\"@type\":\"WebPage\",\"@id\":\"https:\\\/\\\/eichenlaub-haunwang.de\\\/index.php\\\/event\\\/oktoberfest-landesschiessen-2024\\\/\",\"url\":\"https:\\\/\\\/eichenlaub-haunwang.de\\\/index.php\\\/event\\\/oktoberfest-landesschiessen-2024\\\/\",\"name\":\"[Abgesagt] Oktoberfest-Landesschie\u00dfen 2024 - Eichenlaub Haunwang\",\"isPartOf\":{\"@id\":\"https:\\\/\\\/eichenlaub-haunwang.de\\\/#website\"},\"datePublished\":\"2024-03-23T13:57:43+00:00\",\"dateModified\":\"2024-08-13T15:14:49+00:00\",\"breadcrumb\":{\"@id\":\"https:\\\/\\\/eichenlaub-haunwang.de\\\/index.php\\\/event\\\/oktoberfest-landesschiessen-2024\\\/#breadcrumb\"},\"inLanguage\":\"de\",\"potentialAction\":[{\"@type\":\"ReadAction\",\"target\":[\"https:\\\/\\\/eichenlaub-haunwang.de\\\/index.php\\\/event\\\/oktoberfest-landesschiessen-2024\\\/\"]}]},{\"@type\":\"BreadcrumbList\",\"@id\":\"https:\\\/\\\/eichenlaub-haunwang.de\\\/index.php\\\/event\\\/oktoberfest-landesschiessen-2024\\\/#breadcrumb\",\"itemListElement\":[{\"@type\":\"ListItem\",\"position\":1,\"name\":\"Startseite\",\"item\":\"https:\\\/\\\/eichenlaub-haunwang.de\\\/\"},{\"@type\":\"ListItem\",\"position\":2,\"name\":\"Veranstaltungen\",\"item\":\"https:\\\/\\\/eichenlaub-haunwang.de\\\/index.php\\\/events\\\/\"},{\"@type\":\"ListItem\",\"position\":3,\"name\":\"[Abgesagt] Oktoberfest-Landesschie\u00dfen 2024\"}]},{\"@type\":\"WebSite\",\"@id\":\"https:\\\/\\\/eichenlaub-haunwang.de\\\/#website\",\"url\":\"https:\\\/\\\/eichenlaub-haunwang.de\\\/\",\"name\":\"Eichenlaub Haunwang\",\"description\":\"gegr. 1950\",\"publisher\":{\"@id\":\"https:\\\/\\\/eichenlaub-haunwang.de\\\/#organization\"},\"potentialAction\":[{\"@type\":\"SearchAction\",\"target\":{\"@type\":\"EntryPoint\",\"urlTemplate\":\"https:\\\/\\\/eichenlaub-haunwang.de\\\/?s={search_term_string}\"},\"query-input\":{\"@type\":\"PropertyValueSpecification\",\"valueRequired\":true,\"valueName\":\"search_term_string\"}}],\"inLanguage\":\"de\"},{\"@type\":\"Organization\",\"@id\":\"https:\\\/\\\/eichenlaub-haunwang.de\\\/#organization\",\"name\":\"Eichenlaub Haunwang\",\"url\":\"https:\\\/\\\/eichenlaub-haunwang.de\\\/\",\"logo\":{\"@type\":\"ImageObject\",\"inLanguage\":\"de\",\"@id\":\"https:\\\/\\\/eichenlaub-haunwang.de\\\/#\\\/schema\\\/logo\\\/image\\\/\",\"url\":\"https:\\\/\\\/eichenlaub-haunwang.de\\\/wp-content\\\/uploads\\\/media\\\/template\\\/cropped-eh-wappen-aussen_transparent_small.png\",\"contentUrl\":\"https:\\\/\\\/eichenlaub-haunwang.de\\\/wp-content\\\/uploads\\\/media\\\/template\\\/cropped-eh-wappen-aussen_transparent_small.png\",\"width\":514,\"height\":554,\"caption\":\"Eichenlaub Haunwang\"},\"image\":{\"@id\":\"https:\\\/\\\/eichenlaub-haunwang.de\\\/#\\\/schema\\\/logo\\\/image\\\/\"}}]}<\/script>\n<!-- \/ Yoast SEO plugin. -->","yoast_head_json":{"title":"[Abgesagt] Oktoberfest-Landesschie\u00dfen 2024 - Eichenlaub Haunwang","robots":{"index":"index","follow":"follow","max-snippet":"max-snippet:-1","max-image-preview":"max-image-preview:large","max-video-preview":"max-video-preview:-1"},"canonical":"https:\/\/eichenlaub-haunwang.de\/index.php\/event\/oktoberfest-landesschiessen-2024\/","og_locale":"de_DE","og_type":"article","og_title":"[Abgesagt] Oktoberfest-Landesschie\u00dfen 2024 - Eichenlaub Haunwang","og_description":"Update: Auf\u00adgrund einer zu gerin\u00adgen Teil\u00adneh\u00admer\u00adzahl m\u00fcs\u00adsen wir den Ter\u00admin am lei\u00adder absa\u00adgen. die Eichen\u00adlaub\u00adsch\u00fct\u00adzen Haun\u00adwang fah\u00adren zum&nbsp; Okto\u00adber\u00adfest Lan\u00addes\u00adschies\u00adsen 2024. Das&nbsp;gr\u00f6\u00df\u00adte Volks\u00adfest der Welt und ein span\u00adnen\u00adder Wett\u00adbe\u00adwerb mit [&hellip;]","og_url":"https:\/\/eichenlaub-haunwang.de\/index.php\/event\/oktoberfest-landesschiessen-2024\/","og_site_name":"Eichenlaub Haunwang","article_modified_time":"2024-08-13T15:14:49+00:00","twitter_card":"summary_large_image","twitter_misc":{"Gesch\u00e4tzte Lesezeit":"2\u00a0Minuten"},"schema":{"@context":"https:\/\/schema.org","@graph":[{"@type":"WebPage","@id":"https:\/\/eichenlaub-haunwang.de\/index.php\/event\/oktoberfest-landesschiessen-2024\/","url":"https:\/\/eichenlaub-haunwang.de\/index.php\/event\/oktoberfest-landesschiessen-2024\/","name":"[Abgesagt] Oktoberfest-Landesschie\u00dfen 2024 - Eichenlaub Haunwang","isPartOf":{"@id":"https:\/\/eichenlaub-haunwang.de\/#website"},"datePublished":"2024-03-23T13:57:43+00:00","dateModified":"2024-08-13T15:14:49+00:00","breadcrumb":{"@id":"https:\/\/eichenlaub-haunwang.de\/index.php\/event\/oktoberfest-landesschiessen-2024\/#breadcrumb"},"inLanguage":"de","potentialAction":[{"@type":"ReadAction","target":["https:\/\/eichenlaub-haunwang.de\/index.php\/event\/oktoberfest-landesschiessen-2024\/"]}]},{"@type":"BreadcrumbList","@id":"https:\/\/eichenlaub-haunwang.de\/index.php\/event\/oktoberfest-landesschiessen-2024\/#breadcrumb","itemListElement":[{"@type":"ListItem","position":1,"name":"Startseite","item":"https:\/\/eichenlaub-haunwang.de\/"},{"@type":"ListItem","position":2,"name":"Veranstaltungen","item":"https:\/\/eichenlaub-haunwang.de\/index.php\/events\/"},{"@type":"ListItem","position":3,"name":"[Abgesagt] Oktoberfest-Landesschie\u00dfen 2024"}]},{"@type":"WebSite","@id":"https:\/\/eichenlaub-haunwang.de\/#website","url":"https:\/\/eichenlaub-haunwang.de\/","name":"Eichenlaub Haunwang","description":"gegr. 1950","publisher":{"@id":"https:\/\/eichenlaub-haunwang.de\/#organization"},"potentialAction":[{"@type":"SearchAction","target":{"@type":"EntryPoint","urlTemplate":"https:\/\/eichenlaub-haunwang.de\/?s={search_term_string}"},"query-input":{"@type":"PropertyValueSpecification","valueRequired":true,"valueName":"search_term_string"}}],"inLanguage":"de"},{"@type":"Organization","@id":"https:\/\/eichenlaub-haunwang.de\/#organization","name":"Eichenlaub Haunwang","url":"https:\/\/eichenlaub-haunwang.de\/","logo":{"@type":"ImageObject","inLanguage":"de","@id":"https:\/\/eichenlaub-haunwang.de\/#\/schema\/logo\/image\/","url":"https:\/\/eichenlaub-haunwang.de\/wp-content\/uploads\/media\/template\/cropped-eh-wappen-aussen_transparent_small.png","contentUrl":"https:\/\/eichenlaub-haunwang.de\/wp-content\/uploads\/media\/template\/cropped-eh-wappen-aussen_transparent_small.png","width":514,"height":554,"caption":"Eichenlaub Haunwang"},"image":{"@id":"https:\/\/eichenlaub-haunwang.de\/#\/schema\/logo\/image\/"}}]}},"_links":{"self":[{"href":"https:\/\/eichenlaub-haunwang.de\/index.php\/wp-json\/wp\/v2\/tribe_events\/694","targetHints":{"allow":["GET"]}}],"collection":[{"href":"https:\/\/eichenlaub-haunwang.de\/index.php\/wp-json\/wp\/v2\/tribe_events"}],"about":[{"href":"https:\/\/eichenlaub-haunwang.de\/index.php\/wp-json\/wp\/v2\/types\/tribe_events"}],"author":[{"embeddable":true,"href":"https:\/\/eichenlaub-haunwang.de\/index.php\/wp-json\/wp\/v2\/users\/1"}],"version-history":[{"count":10,"href":"https:\/\/eichenlaub-haunwang.de\/index.php\/wp-json\/wp\/v2\/tribe_events\/694\/revisions"}],"predecessor-version":[{"id":1135,"href":"https:\/\/eichenlaub-haunwang.de\/index.php\/wp-json\/wp\/v2\/tribe_events\/694\/revisions\/1135"}],"wp:attachment":[{"href":"https:\/\/eichenlaub-haunwang.de\/index.php\/wp-json\/wp\/v2\/media?parent=694"}],"wp:term":[{"taxonomy":"post_tag","embeddable":true,"href":"https:\/\/eichenlaub-haunwang.de\/index.php\/wp-json\/wp\/v2\/tags?post=694"},{"taxonomy":"tribe_events_cat","embeddable":true,"href":"https:\/\/eichenlaub-haunwang.de\/index.php\/wp-json\/wp\/v2\/tribe_events_cat?post=694"}],"curies":[{"name":"wp","href":"https:\/\/api.w.org\/{rel}","templated":true}]}}